{"id":11,"date":"2020-06-13T17:33:41","date_gmt":"2020-06-13T15:33:41","guid":{"rendered":"http:\/\/angelfacio.com\/?page_id=11"},"modified":"2022-05-11T22:49:23","modified_gmt":"2022-05-11T20:49:23","slug":"quien-soy","status":"publish","type":"page","link":"https:\/\/angelfacio.com\/index.php\/quien-soy\/","title":{"rendered":"\u00bfQui\u00e9n Soy?"},"content":{"rendered":"\t\t<div data-elementor-type=\"wp-page\" data-elementor-id=\"11\" class=\"elementor elementor-11\">\n\t\t\t\t\t\t<section class=\"elementor-section elementor-top-section elementor-element elementor-element-07bcafb elementor-section-boxed elementor-section-height-default elementor-section-height-default\" data-id=\"07bcafb\" data-element_type=\"section\" data-e-type=\"section\">\n\t\t\t\t\t\t<div class=\"elementor-container elementor-column-gap-default\">\n\t\t\t\t\t<div class=\"elementor-column elementor-col-100 elementor-top-column elementor-element elementor-element-574064e\" data-id=\"574064e\" data-element_type=\"column\" data-e-type=\"column\">\n\t\t\t<div class=\"elementor-widget-wrap elementor-element-populated\">\n\t\t\t\t\t\t<div class=\"elementor-element elementor-element-7b508c2 elementor-widget elementor-widget-spacer\" data-id=\"7b508c2\" data-element_type=\"widget\" data-e-type=\"widget\" data-widget_type=\"spacer.default\">\n\t\t\t\t<div class=\"elementor-widget-container\">\n\t\t\t\t\t\t\t<div class=\"elementor-spacer\">\n\t\t\t<div class=\"elementor-spacer-inner\"><\/div>\n\t\t<\/div>\n\t\t\t\t\t\t<\/div>\n\t\t\t\t<\/div>\n\t\t\t\t<div class=\"elementor-element elementor-element-c2eb512 elementor-widget elementor-widget-heading\" data-id=\"c2eb512\" data-element_type=\"widget\" data-e-type=\"widget\" data-widget_type=\"heading.default\">\n\t\t\t\t<div class=\"elementor-widget-container\">\n\t\t\t\t\t<h2 class=\"elementor-heading-title elementor-size-default\">\u00bfQui\u00e9n soy?<\/h2>\t\t\t\t<\/div>\n\t\t\t\t<\/div>\n\t\t\t\t\t<\/div>\n\t\t<\/div>\n\t\t\t\t\t<\/div>\n\t\t<\/section>\n\t\t\t\t<section class=\"elementor-section elementor-top-section elementor-element elementor-element-cc84172 elementor-section-boxed elementor-section-height-default elementor-section-height-default\" data-id=\"cc84172\" data-element_type=\"section\" data-e-type=\"section\">\n\t\t\t\t\t\t<div class=\"elementor-container elementor-column-gap-default\">\n\t\t\t\t\t<div class=\"elementor-column elementor-col-100 elementor-top-column elementor-element elementor-element-befd907\" data-id=\"befd907\" data-element_type=\"column\" data-e-type=\"column\">\n\t\t\t<div class=\"elementor-widget-wrap elementor-element-populated\">\n\t\t\t\t\t\t<section class=\"elementor-section elementor-inner-section elementor-element elementor-element-6ee983e elementor-section-boxed elementor-section-height-default elementor-section-height-default\" data-id=\"6ee983e\" data-element_type=\"section\" data-e-type=\"section\">\n\t\t\t\t\t\t<div class=\"elementor-container elementor-column-gap-default\">\n\t\t\t\t\t<div class=\"elementor-column elementor-col-33 elementor-inner-column elementor-element elementor-element-43bfb03\" data-id=\"43bfb03\" data-element_type=\"column\" data-e-type=\"column\">\n\t\t\t<div class=\"elementor-widget-wrap elementor-element-populated\">\n\t\t\t\t\t\t<div class=\"elementor-element elementor-element-cf0eda7 elementor-widget elementor-widget-text-editor\" data-id=\"cf0eda7\" data-element_type=\"widget\" data-e-type=\"widget\" data-widget_type=\"text-editor.default\">\n\t\t\t\t<div class=\"elementor-widget-container\">\n\t\t\t\t\t\t\t\t\t<p><span lang=\"es-CO\">Pude haber sido gurriato pues me engendraron en El Escorial en la primavera del 37. Pero me nacieron en Madrid un 20 de abril de 1938 en plena guerra incivil. Un a\u00f1o m\u00e1s tarde mi padre quien ejerc\u00eda como m\u00e9dico militar fue a dar con sus huesos en el campo de concentraci\u00f3n de Ar\u00e9valo. All\u00ed escribi\u00f3 este poema dedicado a su hermano \u00c1ngel y a su reci\u00e9n nacido hijo, el que suscribe. Mi t\u00edo \u00c1ngel, licenciado en Bellas Artes y pintor de Abanicos en el taller de mi Abuelo, hab\u00eda sido ejecutado el 2 de Agosto de 1937, por no aceptar las \u00f3rdenes suicidas del Campesino.<\/span><\/p><p><span lang=\"es-CO\">Yo no conoc\u00ed, hasta mayo de 2020, las veleidades po\u00e9ticas de mi padre\u2026las teatrales, si. De hecho, mi primer contacto con la escena ocurri\u00f3 en una funci\u00f3n de cabaret en la Sala Calatrava de Madrid. A la cual asistimos en familia en compa\u00f1\u00eda del maestro Marquina. Yo tendr\u00eda 5 a\u00f1os y empec\u00e9 a imitar al Chato Guill\u00e9n, caricato de cierta reputaci\u00f3n en aquel incipiente estado franquista. El Chato me subi\u00f3 al escenario y terminamos juntos la funci\u00f3n. Los pinitos de c\u00f3mico siguieron en el bachillerato, en el colegio salesiano de San Miguel Arc\u00e1ngel. Ah\u00ed interpret\u00e9 un protagonista en el juguete c\u00f3mico <\/span><strong><span lang=\"es-CO\"><i>Parada y Fonda<\/i><\/span><\/strong><span lang=\"es-CO\">\u00a0del eximio Dr. Vital Aza. Y continuaron en la mili donde, por insistencia del capell\u00e1n, mont\u00e9 un grupillo de teatro y me estren\u00e9 como dramaturgo y director de escena con\u00a0<\/span><span lang=\"es-CO\"><i><b>Proceso a Jes\u00fas<\/b><\/i><\/span><span lang=\"es-CO\">\u00a0de Diego Fabri y\u00a0<\/span><span lang=\"es-CO\"><i><b>La otra orilla<\/b><\/i><\/span><span lang=\"es-CO\">\u00a0de L\u00f3pez Rubio.<\/span><\/p>\t\t\t\t\t\t\t\t<\/div>\n\t\t\t\t<\/div>\n\t\t\t\t\t<\/div>\n\t\t<\/div>\n\t\t\t\t<div class=\"elementor-column elementor-col-33 elementor-inner-column elementor-element elementor-element-5b76ace elementor-invisible\" data-id=\"5b76ace\" data-element_type=\"column\" data-e-type=\"column\" data-settings=\"{&quot;background_background&quot;:&quot;classic&quot;,&quot;animation&quot;:&quot;fadeIn&quot;}\">\n\t\t\t<div class=\"elementor-widget-wrap elementor-element-populated\">\n\t\t\t\t\t\t<div class=\"elementor-element elementor-element-1be2694 elementor-widget elementor-widget-image\" data-id=\"1be2694\" data-element_type=\"widget\" data-e-type=\"widget\" data-widget_type=\"image.default\">\n\t\t\t\t<div class=\"elementor-widget-container\">\n\t\t\t\t\t\t\t\t\t\t\t\t\t\t\t\t<a href=\"https:\/\/angelfacio.com\/wp-content\/uploads\/2020\/08\/A-mis-dos-Angeles-1.jpg\" data-elementor-open-lightbox=\"yes\" data-elementor-lightbox-title=\"A-mis-dos-Angeles\" data-e-action-hash=\"#elementor-action%3Aaction%3Dlightbox%26settings%3DeyJpZCI6MjAzOSwidXJsIjoiaHR0cHM6XC9cL2FuZ2VsZmFjaW8uY29tXC93cC1jb250ZW50XC91cGxvYWRzXC8yMDIwXC8wOFwvQS1taXMtZG9zLUFuZ2VsZXMtMS5qcGcifQ%3D%3D\">\n\t\t\t\t\t\t\t<img decoding=\"async\" data-src=\"https:\/\/angelfacio.com\/wp-content\/uploads\/elementor\/thumbs\/A-mis-dos-Angeles-1-qukv7c8iwoiqgaf272ga0502uj5inyz9jgaquhfegw.jpg\" title=\"A-mis-dos-Angeles\" alt=\"A-mis-dos-Angeles\" src=\"data:image\/svg+xml;base64,PHN2ZyB3aWR0aD0iMSIgaGVpZ2h0PSIxIiB4bWxucz0iaHR0cDovL3d3dy53My5vcmcvMjAwMC9zdmciPjwvc3ZnPg==\" class=\"lazyload\" style=\"--smush-placeholder-width: 175px; --smush-placeholder-aspect-ratio: 175\/680;\" \/>\t\t\t\t\t\t\t\t<\/a>\n\t\t\t\t\t\t\t\t\t\t\t\t\t\t\t<\/div>\n\t\t\t\t<\/div>\n\t\t\t\t\t<\/div>\n\t\t<\/div>\n\t\t\t\t<div class=\"elementor-column elementor-col-33 elementor-inner-column elementor-element elementor-element-bc787e4 elementor-invisible\" data-id=\"bc787e4\" data-element_type=\"column\" data-e-type=\"column\" data-settings=\"{&quot;animation&quot;:&quot;fadeIn&quot;}\">\n\t\t\t<div class=\"elementor-widget-wrap elementor-element-populated\">\n\t\t\t\t\t\t<div class=\"elementor-element elementor-element-c7c39f5 elementor-widget elementor-widget-image\" data-id=\"c7c39f5\" data-element_type=\"widget\" data-e-type=\"widget\" data-widget_type=\"image.default\">\n\t\t\t\t<div class=\"elementor-widget-container\">\n\t\t\t\t\t\t\t\t\t\t\t\t<figure class=\"wp-caption\">\n\t\t\t\t\t\t\t\t\t\t\t<a href=\"https:\/\/angelfacio.com\/wp-content\/uploads\/2020\/08\/CARMELA-Y-ANGEL-1.jpg\" data-elementor-open-lightbox=\"yes\" data-elementor-lightbox-title=\"\u00c1ngel con su madre &quot;Carmela&quot;\" data-e-action-hash=\"#elementor-action%3Aaction%3Dlightbox%26settings%3DeyJpZCI6MjAwNywidXJsIjoiaHR0cHM6XC9cL2FuZ2VsZmFjaW8uY29tXC93cC1jb250ZW50XC91cGxvYWRzXC8yMDIwXC8wOFwvQ0FSTUVMQS1ZLUFOR0VMLTEuanBnIn0%3D\">\n\t\t\t\t\t\t\t<img fetchpriority=\"high\" decoding=\"async\" width=\"449\" height=\"600\" src=\"https:\/\/angelfacio.com\/wp-content\/uploads\/2020\/08\/CARMELA-Y-ANGEL-1.jpg\" class=\"attachment-medium_large size-medium_large wp-image-2007\" alt=\"\" srcset=\"https:\/\/angelfacio.com\/wp-content\/uploads\/2020\/08\/CARMELA-Y-ANGEL-1.jpg 449w, https:\/\/angelfacio.com\/wp-content\/uploads\/2020\/08\/CARMELA-Y-ANGEL-1-225x300.jpg 225w\" sizes=\"(max-width: 449px) 100vw, 449px\" \/>\t\t\t\t\t\t\t\t<\/a>\n\t\t\t\t\t\t\t\t\t\t\t<figcaption class=\"widget-image-caption wp-caption-text\"><\/figcaption>\n\t\t\t\t\t\t\t\t\t\t<\/figure>\n\t\t\t\t\t\t\t\t\t<\/div>\n\t\t\t\t<\/div>\n\t\t\t\t<div class=\"elementor-element elementor-element-aa5ffca elementor-widget elementor-widget-image\" data-id=\"aa5ffca\" data-element_type=\"widget\" data-e-type=\"widget\" data-widget_type=\"image.default\">\n\t\t\t\t<div class=\"elementor-widget-container\">\n\t\t\t\t\t\t\t\t\t\t\t\t\t\t\t\t<a href=\"http:\/\/angelfacio.com\/wp-content\/uploads\/2020\/06\/0-Angel-con-su-padre-Manuel-arreglo-.jpg\" data-elementor-open-lightbox=\"yes\" data-elementor-lightbox-title=\"Angel con su padre Manuel\" data-e-action-hash=\"#elementor-action%3Aaction%3Dlightbox%26settings%3DeyJpZCI6Mzk4LCJ1cmwiOiJodHRwczpcL1wvYW5nZWxmYWNpby5jb21cL3dwLWNvbnRlbnRcL3VwbG9hZHNcLzIwMjBcLzA2XC8wLUFuZ2VsLWNvbi1zdS1wYWRyZS1NYW51ZWwtYXJyZWdsby0uanBnIn0%3D\">\n\t\t\t\t\t\t\t<img decoding=\"async\" width=\"768\" height=\"1105\" data-src=\"https:\/\/angelfacio.com\/wp-content\/uploads\/2020\/06\/0-Angel-con-su-padre-Manuel-arreglo--768x1105.jpg\" class=\"attachment-medium_large size-medium_large wp-image-398 lazyload\" alt=\"\" data-srcset=\"https:\/\/angelfacio.com\/wp-content\/uploads\/2020\/06\/0-Angel-con-su-padre-Manuel-arreglo--768x1105.jpg 768w, https:\/\/angelfacio.com\/wp-content\/uploads\/2020\/06\/0-Angel-con-su-padre-Manuel-arreglo--209x300.jpg 209w, https:\/\/angelfacio.com\/wp-content\/uploads\/2020\/06\/0-Angel-con-su-padre-Manuel-arreglo--712x1024.jpg 712w, https:\/\/angelfacio.com\/wp-content\/uploads\/2020\/06\/0-Angel-con-su-padre-Manuel-arreglo-.jpg 819w\" data-sizes=\"(max-width: 768px) 100vw, 768px\" src=\"data:image\/svg+xml;base64,PHN2ZyB3aWR0aD0iMSIgaGVpZ2h0PSIxIiB4bWxucz0iaHR0cDovL3d3dy53My5vcmcvMjAwMC9zdmciPjwvc3ZnPg==\" style=\"--smush-placeholder-width: 768px; --smush-placeholder-aspect-ratio: 768\/1105;\" \/>\t\t\t\t\t\t\t\t<\/a>\n\t\t\t\t\t\t\t\t\t\t\t\t\t\t\t<\/div>\n\t\t\t\t<\/div>\n\t\t\t\t\t<\/div>\n\t\t<\/div>\n\t\t\t\t\t<\/div>\n\t\t<\/section>\n\t\t\t\t<section class=\"elementor-section elementor-inner-section elementor-element elementor-element-1c76ceb elementor-section-boxed elementor-section-height-default elementor-section-height-default\" data-id=\"1c76ceb\" data-element_type=\"section\" data-e-type=\"section\">\n\t\t\t\t\t\t<div class=\"elementor-container elementor-column-gap-default\">\n\t\t\t\t\t<div class=\"elementor-column elementor-col-50 elementor-inner-column elementor-element elementor-element-7fddda7\" data-id=\"7fddda7\" data-element_type=\"column\" data-e-type=\"column\">\n\t\t\t<div class=\"elementor-widget-wrap elementor-element-populated\">\n\t\t\t\t\t\t<div class=\"elementor-element elementor-element-769bd20 elementor-widget elementor-widget-text-editor\" data-id=\"769bd20\" data-element_type=\"widget\" data-e-type=\"widget\" data-widget_type=\"text-editor.default\">\n\t\t\t\t<div class=\"elementor-widget-container\">\n\t\t\t\t\t\t\t\t\t<p><span lang=\"es-ES-u-co-trad\">Era el repelente ni\u00f1o Vicente de los dos colegios que frecuent\u00e9. A prop\u00f3sito, empezaron a castrarme los reverendos padres calasancios, completando luego tan cristiana labor los no menos reverendos padres salesianos (1948\u201355). Y en contra de lo esperado obtuve un Sobresaliente con Matr\u00edcula de Honor en el examen de Grado Superior, para mayor honra de la familia. La voluntad paterna me ve\u00eda ejerciendo como neuro-cirujano, as\u00ed que estudi\u00e9 un a\u00f1o de medicina, pero viendo que la sangre no es lo m\u00edo, me decid\u00ed por Ciencias Pol\u00edticas en la Complutense de Madrid. Sal\u00ed Licenciado en el 59 con Sobresaliente y Premio Extraordinario de Fin de carrera. Por lo que, mientras segu\u00eda los Cursos de Doctorado en Ciencias Pol\u00edticas (1961-62) el Ilustr\u00edsimo Don Luis Diez del Corral me integr\u00f3 en su plantilla como Profesor Ayudante (1961-68 y 1970-74) y Encargado de Curso (1968-70) en la C\u00e1tedra de Historia de las Ideas y de las Formas Pol\u00edticas. As\u00ed como en la C\u00e1tedra de Fundamentos de Filosof\u00eda, dirigida por don Paulino Garagorri. Ah\u00ed entre 1967 y 69 fui Profesor del seminario \u201c<\/span><strong><em><span lang=\"es-ES-u-co-trad\">Teor\u00eda del Teatro<\/span><\/em><\/strong><span lang=\"es-ES-u-co-trad\">\u201d. Mi carrera se perfilaba claramente, para D\u00edez del Corral, dentro del magisterio. Pero como a\u00fan coleaba Don Francisco y mi esp\u00edritu hab\u00eda optado por el camino libertario, me decid\u00ed a trocar el bicornio por el gorro de cascabeles, al tiempo que ejerc\u00eda las funciones de abnegado P.N.N. en el viejo caser\u00f3n de San Bernardo. De modo que para m\u00ed, el teatro m\u00e1s que una vocaci\u00f3n fue un resentimiento: no quer\u00eda convertirme en un funcionario pedag\u00f3gico del franquismo.<\/span><\/p>\t\t\t\t\t\t\t\t<\/div>\n\t\t\t\t<\/div>\n\t\t\t\t\t<\/div>\n\t\t<\/div>\n\t\t\t\t<div class=\"elementor-column elementor-col-50 elementor-inner-column elementor-element elementor-element-d4d75c1 elementor-invisible\" data-id=\"d4d75c1\" data-element_type=\"column\" data-e-type=\"column\" data-settings=\"{&quot;background_background&quot;:&quot;classic&quot;,&quot;animation&quot;:&quot;fadeIn&quot;}\">\n\t\t\t<div class=\"elementor-widget-wrap elementor-element-populated\">\n\t\t\t\t\t\t<div class=\"elementor-element elementor-element-1490581 elementor-widget elementor-widget-image\" data-id=\"1490581\" data-element_type=\"widget\" data-e-type=\"widget\" data-widget_type=\"image.default\">\n\t\t\t\t<div class=\"elementor-widget-container\">\n\t\t\t\t\t\t\t\t\t\t\t\t\t\t\t\t<a href=\"https:\/\/angelfacio.com\/wp-content\/uploads\/2020\/11\/0-Angel-con-su-padre-Manuel-arreglo-.jpg\" data-elementor-open-lightbox=\"yes\" data-elementor-lightbox-title=\"Silvia y Judith, hijas de \u00c1ngel\" data-e-action-hash=\"#elementor-action%3Aaction%3Dlightbox%26settings%3DeyJpZCI6NTQyOSwidXJsIjoiaHR0cHM6XC9cL2FuZ2VsZmFjaW8uY29tXC93cC1jb250ZW50XC91cGxvYWRzXC8yMDIwXC8xMVwvMC1BbmdlbC1jb24tc3UtcGFkcmUtTWFudWVsLWFycmVnbG8tLmpwZyJ9\">\n\t\t\t\t\t\t\t<img decoding=\"async\" width=\"768\" height=\"528\" data-src=\"https:\/\/angelfacio.com\/wp-content\/uploads\/2020\/11\/0-Angel-con-su-padre-Manuel-arreglo--768x528.jpg\" class=\"attachment-medium_large size-medium_large wp-image-5429 lazyload\" alt=\"\" data-srcset=\"https:\/\/angelfacio.com\/wp-content\/uploads\/2020\/11\/0-Angel-con-su-padre-Manuel-arreglo--768x528.jpg 768w, https:\/\/angelfacio.com\/wp-content\/uploads\/2020\/11\/0-Angel-con-su-padre-Manuel-arreglo--300x206.jpg 300w, https:\/\/angelfacio.com\/wp-content\/uploads\/2020\/11\/0-Angel-con-su-padre-Manuel-arreglo--1024x703.jpg 1024w, https:\/\/angelfacio.com\/wp-content\/uploads\/2020\/11\/0-Angel-con-su-padre-Manuel-arreglo-.jpg 1134w\" data-sizes=\"(max-width: 768px) 100vw, 768px\" src=\"data:image\/svg+xml;base64,PHN2ZyB3aWR0aD0iMSIgaGVpZ2h0PSIxIiB4bWxucz0iaHR0cDovL3d3dy53My5vcmcvMjAwMC9zdmciPjwvc3ZnPg==\" style=\"--smush-placeholder-width: 768px; --smush-placeholder-aspect-ratio: 768\/528;\" \/>\t\t\t\t\t\t\t\t<\/a>\n\t\t\t\t\t\t\t\t\t\t\t\t\t\t\t<\/div>\n\t\t\t\t<\/div>\n\t\t\t\t<div class=\"elementor-element elementor-element-2f6a940 elementor-arrows-position-inside elementor-pagination-position-outside elementor-widget elementor-widget-image-carousel\" data-id=\"2f6a940\" data-element_type=\"widget\" data-e-type=\"widget\" data-settings=\"{&quot;slides_to_show&quot;:&quot;1&quot;,&quot;effect&quot;:&quot;fade&quot;,&quot;navigation&quot;:&quot;both&quot;,&quot;autoplay&quot;:&quot;yes&quot;,&quot;pause_on_hover&quot;:&quot;yes&quot;,&quot;pause_on_interaction&quot;:&quot;yes&quot;,&quot;autoplay_speed&quot;:5000,&quot;infinite&quot;:&quot;yes&quot;,&quot;speed&quot;:500}\" data-widget_type=\"image-carousel.default\">\n\t\t\t\t<div class=\"elementor-widget-container\">\n\t\t\t\t\t\t\t<div class=\"elementor-image-carousel-wrapper swiper\" role=\"region\" aria-roledescription=\"carousel\" aria-label=\"Carrusel de im\u00e1genes\" dir=\"ltr\">\n\t\t\t<div class=\"elementor-image-carousel swiper-wrapper\" aria-live=\"off\">\n\t\t\t\t\t\t\t\t<div class=\"swiper-slide\" role=\"group\" aria-roledescription=\"slide\" aria-label=\"1 de 3\"><a data-elementor-open-lightbox=\"yes\" data-elementor-lightbox-slideshow=\"2f6a940\" data-elementor-lightbox-title=\"Premio Extraordinario\" data-e-action-hash=\"#elementor-action%3Aaction%3Dlightbox%26settings%3DeyJpZCI6NDMyLCJ1cmwiOiJodHRwczpcL1wvYW5nZWxmYWNpby5jb21cL3dwLWNvbnRlbnRcL3VwbG9hZHNcLzIwMjBcLzA2XC8yLURpcGxvbWUtVW5pdmVyc2lkYWQtMS5qcGciLCJzbGlkZXNob3ciOiIyZjZhOTQwIn0%3D\" href=\"https:\/\/angelfacio.com\/wp-content\/uploads\/2020\/06\/2-Diplome-Universidad-1.jpg\"><figure class=\"swiper-slide-inner\"><img decoding=\"async\" class=\"swiper-slide-image lazyload\" data-src=\"https:\/\/angelfacio.com\/wp-content\/uploads\/elementor\/thumbs\/2-Diplome-Universidad-1-qukv7itha5ljg99yufqpxp740t72yhcogf87qennyi.jpg\" alt=\"Premio Extraordinario\" src=\"data:image\/svg+xml;base64,PHN2ZyB3aWR0aD0iMSIgaGVpZ2h0PSIxIiB4bWxucz0iaHR0cDovL3d3dy53My5vcmcvMjAwMC9zdmciPjwvc3ZnPg==\" style=\"--smush-placeholder-width: 250px; --smush-placeholder-aspect-ratio: 250\/321;\" \/><\/figure><\/a><\/div><div class=\"swiper-slide\" role=\"group\" aria-roledescription=\"slide\" aria-label=\"2 de 3\"><a data-elementor-open-lightbox=\"yes\" data-elementor-lightbox-slideshow=\"2f6a940\" data-elementor-lightbox-title=\"El Faro de Ceuta 1960\" data-e-action-hash=\"#elementor-action%3Aaction%3Dlightbox%26settings%3DeyJpZCI6MTE1MCwidXJsIjoiaHR0cHM6XC9cL2FuZ2VsZmFjaW8uY29tXC93cC1jb250ZW50XC91cGxvYWRzXC8yMDIwXC8wN1wvcHJlbnNhLUNldXRhLTE5NjAtQW5nZWwtMDAxLmpwZyIsInNsaWRlc2hvdyI6IjJmNmE5NDAifQ%3D%3D\" href=\"https:\/\/angelfacio.com\/wp-content\/uploads\/2020\/07\/prensa-Ceuta-1960-Angel-001.jpg\"><figure class=\"swiper-slide-inner\"><img decoding=\"async\" class=\"swiper-slide-image lazyload\" data-src=\"https:\/\/angelfacio.com\/wp-content\/uploads\/elementor\/thumbs\/prensa-Ceuta-1960-Angel-001-qukv6tfu5mmsqsatymrskdlnzeo66njxcxm3rxpatq.jpg\" alt=\"El Faro de Ceuta 1960\" src=\"data:image\/svg+xml;base64,PHN2ZyB3aWR0aD0iMSIgaGVpZ2h0PSIxIiB4bWxucz0iaHR0cDovL3d3dy53My5vcmcvMjAwMC9zdmciPjwvc3ZnPg==\" style=\"--smush-placeholder-width: 250px; --smush-placeholder-aspect-ratio: 250\/347;\" \/><\/figure><\/a><\/div><div class=\"swiper-slide\" role=\"group\" aria-roledescription=\"slide\" aria-label=\"3 de 3\"><a data-elementor-open-lightbox=\"yes\" data-elementor-lightbox-slideshow=\"2f6a940\" data-elementor-lightbox-title=\"\u00c1ngel representando \u201cParada y Fonda\u201d de Vital Aza\" data-e-action-hash=\"#elementor-action%3Aaction%3Dlightbox%26settings%3DeyJpZCI6NTU1LCJ1cmwiOiJodHRwczpcL1wvYW5nZWxmYWNpby5jb21cL3dwLWNvbnRlbnRcL3VwbG9hZHNcLzIwMjBcLzA3XC9hbmdlbC1yZXByZXNlbnRhbmRvLWEtVml0YWwtQVpBLmpwZyIsInNsaWRlc2hvdyI6IjJmNmE5NDAifQ%3D%3D\" href=\"https:\/\/angelfacio.com\/wp-content\/uploads\/2020\/07\/angel-representando-a-Vital-AZA.jpg\"><figure class=\"swiper-slide-inner\"><img decoding=\"async\" class=\"swiper-slide-image lazyload\" data-src=\"https:\/\/angelfacio.com\/wp-content\/uploads\/elementor\/thumbs\/angel-representando-a-Vital-AZA-qukv6udocgo32e9gt56f4vd4ksjjecnnp29l97nwis.jpg\" alt=\"\u00c1ngel representando \u201cParada y Fonda\u201d de Vital Aza\" src=\"data:image\/svg+xml;base64,PHN2ZyB3aWR0aD0iMSIgaGVpZ2h0PSIxIiB4bWxucz0iaHR0cDovL3d3dy53My5vcmcvMjAwMC9zdmciPjwvc3ZnPg==\" style=\"--smush-placeholder-width: 250px; --smush-placeholder-aspect-ratio: 250\/330;\" \/><\/figure><\/a><\/div>\t\t\t<\/div>\n\t\t\t\t\t\t\t\t\t\t\t\t<div class=\"elementor-swiper-button elementor-swiper-button-prev\" role=\"button\" tabindex=\"0\">\n\t\t\t\t\t\t<i aria-hidden=\"true\" class=\"eicon-chevron-left\"><\/i>\t\t\t\t\t<\/div>\n\t\t\t\t\t<div class=\"elementor-swiper-button elementor-swiper-button-next\" role=\"button\" tabindex=\"0\">\n\t\t\t\t\t\t<i aria-hidden=\"true\" class=\"eicon-chevron-right\"><\/i>\t\t\t\t\t<\/div>\n\t\t\t\t\n\t\t\t\t\t\t\t\t\t<div class=\"swiper-pagination\"><\/div>\n\t\t\t\t\t\t\t\t\t<\/div>\n\t\t\t\t\t\t<\/div>\n\t\t\t\t<\/div>\n\t\t\t\t\t<\/div>\n\t\t<\/div>\n\t\t\t\t\t<\/div>\n\t\t<\/section>\n\t\t\t\t<section class=\"elementor-section elementor-inner-section elementor-element elementor-element-4b91b3b elementor-section-boxed elementor-section-height-default elementor-section-height-default\" data-id=\"4b91b3b\" data-element_type=\"section\" data-e-type=\"section\">\n\t\t\t\t\t\t<div class=\"elementor-container elementor-column-gap-default\">\n\t\t\t\t\t<div class=\"elementor-column elementor-col-50 elementor-inner-column elementor-element elementor-element-def7952\" data-id=\"def7952\" data-element_type=\"column\" data-e-type=\"column\">\n\t\t\t<div class=\"elementor-widget-wrap elementor-element-populated\">\n\t\t\t\t\t\t<div class=\"elementor-element elementor-element-5f26f99 elementor-widget elementor-widget-text-editor\" data-id=\"5f26f99\" data-element_type=\"widget\" data-e-type=\"widget\" data-widget_type=\"text-editor.default\">\n\t\t\t\t<div class=\"elementor-widget-container\">\n\t\t\t\t\t\t\t\t\t<p><span lang=\"es-ES-u-co-trad\">Fund\u00e9\u00a0<\/span><span lang=\"es-ES-u-co-trad\">Goliardos<\/span><span lang=\"es-ES-u-co-trad\">\u00a0en 1964, y con ellos recorr\u00ed Espa\u00f1a de cabo a rabo a bordo de una furgoneta de reparto, versi\u00f3n secularizada del legendario Carro de Tespis. Arrabal, Mrozek, Unamuno, Lope de Rueda y Brecht, entre otros, sufrieron las consecuencias. De aquella \u00e9poca, el\u00a0<\/span><strong><em><span lang=\"es-ES-u-co-trad\">Juan de Buenalma<\/span><\/em><\/strong><span lang=\"es-ES-u-co-trad\">\u00a0y\u00a0<\/span><strong><em><span lang=\"es-ES-u-co-trad\">La boda de los peque\u00f1os burgueses<\/span><\/em><\/strong><span lang=\"es-ES-u-co-trad\">\u00a0hicieron la delicia de los espectadores, seg\u00fan las rese\u00f1as de las revistas del coraz\u00f3n.\u00a0<\/span><span lang=\"es-CO\">Aprend\u00ed pues lo poco que s\u00e9 encaramado al carro de c\u00f3micos ambulantes: de Belgrado a Nueva York, pasando por Venta de Ba\u00f1os.<\/span><\/p>\t\t\t\t\t\t\t\t<\/div>\n\t\t\t\t<\/div>\n\t\t\t\t\t<\/div>\n\t\t<\/div>\n\t\t\t\t<div class=\"elementor-column elementor-col-50 elementor-inner-column elementor-element elementor-element-e230c6c elementor-invisible\" data-id=\"e230c6c\" data-element_type=\"column\" data-e-type=\"column\" data-settings=\"{&quot;background_background&quot;:&quot;classic&quot;,&quot;animation&quot;:&quot;fadeIn&quot;}\">\n\t\t\t<div class=\"elementor-widget-wrap elementor-element-populated\">\n\t\t\t\t\t\t<div class=\"elementor-element elementor-element-d2c269f elementor-widget elementor-widget-image\" data-id=\"d2c269f\" data-element_type=\"widget\" data-e-type=\"widget\" data-widget_type=\"image.default\">\n\t\t\t\t<div class=\"elementor-widget-container\">\n\t\t\t\t\t\t\t\t\t\t\t\t<figure class=\"wp-caption\">\n\t\t\t\t\t\t\t\t\t\t\t<a href=\"http:\/\/angelfacio.com\/wp-content\/uploads\/2020\/06\/3-La-BODA-prensa-1.jpg\" data-elementor-open-lightbox=\"yes\" data-elementor-lightbox-title=\"&quot;La Boda de los Peque\u00f1os Burgueses&quot; art\u00edculo de \u00c1ngel Larroche\" data-e-action-hash=\"#elementor-action%3Aaction%3Dlightbox%26settings%3DeyJpZCI6NDEzLCJ1cmwiOiJodHRwczpcL1wvYW5nZWxmYWNpby5jb21cL3dwLWNvbnRlbnRcL3VwbG9hZHNcLzIwMjBcLzA2XC8zLUxhLUJPREEtcHJlbnNhLTEuanBnIn0%3D\">\n\t\t\t\t\t\t\t<img decoding=\"async\" width=\"2348\" height=\"1278\" data-src=\"https:\/\/angelfacio.com\/wp-content\/uploads\/2020\/06\/3-La-BODA-prensa-1.jpg\" class=\"attachment-full size-full wp-image-413 lazyload\" alt=\"\" data-srcset=\"https:\/\/angelfacio.com\/wp-content\/uploads\/2020\/06\/3-La-BODA-prensa-1.jpg 2348w, https:\/\/angelfacio.com\/wp-content\/uploads\/2020\/06\/3-La-BODA-prensa-1-300x163.jpg 300w, https:\/\/angelfacio.com\/wp-content\/uploads\/2020\/06\/3-La-BODA-prensa-1-1024x557.jpg 1024w, https:\/\/angelfacio.com\/wp-content\/uploads\/2020\/06\/3-La-BODA-prensa-1-768x418.jpg 768w, https:\/\/angelfacio.com\/wp-content\/uploads\/2020\/06\/3-La-BODA-prensa-1-1536x836.jpg 1536w, https:\/\/angelfacio.com\/wp-content\/uploads\/2020\/06\/3-La-BODA-prensa-1-2048x1115.jpg 2048w\" data-sizes=\"(max-width: 2348px) 100vw, 2348px\" src=\"data:image\/svg+xml;base64,PHN2ZyB3aWR0aD0iMSIgaGVpZ2h0PSIxIiB4bWxucz0iaHR0cDovL3d3dy53My5vcmcvMjAwMC9zdmciPjwvc3ZnPg==\" style=\"--smush-placeholder-width: 2348px; --smush-placeholder-aspect-ratio: 2348\/1278;\" \/>\t\t\t\t\t\t\t\t<\/a>\n\t\t\t\t\t\t\t\t\t\t\t<figcaption class=\"widget-image-caption wp-caption-text\">\"La Boda de los Peque\u00f1os Burgueses\" .<br \/>Art\u00edculo de \u00c1ngel Larroche.<\/figcaption>\n\t\t\t\t\t\t\t\t\t\t<\/figure>\n\t\t\t\t\t\t\t\t\t<\/div>\n\t\t\t\t<\/div>\n\t\t\t\t\t<\/div>\n\t\t<\/div>\n\t\t\t\t\t<\/div>\n\t\t<\/section>\n\t\t\t\t<section class=\"elementor-section elementor-inner-section elementor-element elementor-element-8ca0784 elementor-section-boxed elementor-section-height-default elementor-section-height-default\" data-id=\"8ca0784\" data-element_type=\"section\" data-e-type=\"section\">\n\t\t\t\t\t\t<div class=\"elementor-container elementor-column-gap-default\">\n\t\t\t\t\t<div class=\"elementor-column elementor-col-50 elementor-inner-column elementor-element elementor-element-1dca319\" data-id=\"1dca319\" data-element_type=\"column\" data-e-type=\"column\">\n\t\t\t<div class=\"elementor-widget-wrap elementor-element-populated\">\n\t\t\t\t\t\t<div class=\"elementor-element elementor-element-6ad2a3f elementor-widget elementor-widget-text-editor\" data-id=\"6ad2a3f\" data-element_type=\"widget\" data-e-type=\"widget\" data-widget_type=\"text-editor.default\">\n\t\t\t\t<div class=\"elementor-widget-container\">\n\t\t\t\t\t\t\t\t\t<p><span lang=\"es-ES-u-co-trad\">Tras el fallecimiento de GOLIARDOS \u2013 apenas dos a\u00f1os antes que el General-, se me cay\u00f3 de las manos el ideal colectivista, y decid\u00ed vivir por mi cuenta y riesgo. Me incorpor\u00e9 a la jungla del mercado teatral, montando espect\u00e1culos m\u00e1s o menos discutibles donde estuvieran dispuestos a financi\u00e1rmelos. Primero di un peque\u00f1o salto a Portugal, el pa\u00eds vecino: A punto estuve de tener que salir por la puerta de servicio, pero lleg\u00f3 la Revoluci\u00f3n de los Claveles, y con ella el hambre y la sonrisa. En Oporto mont\u00e9\u00a0<\/span><strong><em><span lang=\"es-ES-u-co-trad\">La casa de Bernarda Alba<\/span><\/em><\/strong><span lang=\"es-ES-u-co-trad\">, en Lisboa<em>\u00a0<\/em><\/span><strong><em><span lang=\"es-ES-u-co-trad\">La noche de los asesinos<\/span><\/em><\/strong><span lang=\"es-ES-u-co-trad\">. <\/span><\/p><p><span lang=\"es-ES-u-co-trad\">Volv\u00ed a Espa\u00f1a cuando nuestro primer astronauta, el Almirante, fue colocado en \u00f3rbita. Poco despu\u00e9s nos dejaba el abuelo sumidos en un mar de confusiones democr\u00e1ticas. Con la desaparici\u00f3n de los dictadores, empec\u00e9 a aburrirme&#8230; \u00a1el hombre es un animal de costumbres! Hice un pinito de los llamados comerciales con la misma\u00a0<\/span><em><strong><span lang=\"es-ES-u-co-trad\">Bernarda<\/span><\/strong><\/em><span lang=\"es-ES-u-co-trad\"><em><strong>\u00a0<\/strong><\/em>que fraguase en Portugal, y al constatar, horrorizado, que ya era un europeo de primera clase, decid\u00ed hacerme las Am\u00e9ricas, tras las huellas de la Guerrero y la Xirg\u00fa. All\u00e1 me trataron francamente mal, y a trancas y barrancas consegu\u00ed estrenar, en Colombia, una enloquecida\u00a0<\/span><strong><em><span lang=\"es-ES-u-co-trad\">Celestina<\/span><\/em><\/strong><span lang=\"es-ES-u-co-trad\"><em>\u00a0<\/em>con la\u00a0<\/span><span lang=\"es-ES-u-co-trad\">Compa\u00f1\u00eda Nacional<\/span><span lang=\"es-ES-u-co-trad\">, y esa filigrana de Valle-Incl\u00e1n que es\u00a0<\/span><strong><em><span lang=\"es-ES-u-co-trad\">Ligaz\u00f3n<\/span><\/em><\/strong><span lang=\"es-ES-u-co-trad\">. Acabamos como el rosario de la aurora, y al final volv\u00ed, con el rabo entre piernas, a arrojarme en los brazos de la Madre Patria.<\/span><span lang=\"es-ES-u-co-trad\"><br \/><\/span><\/p>\t\t\t\t\t\t\t\t<\/div>\n\t\t\t\t<\/div>\n\t\t\t\t\t<\/div>\n\t\t<\/div>\n\t\t\t\t<div class=\"elementor-column elementor-col-50 elementor-inner-column elementor-element elementor-element-9da05dd elementor-invisible\" data-id=\"9da05dd\" data-element_type=\"column\" data-e-type=\"column\" data-settings=\"{&quot;background_background&quot;:&quot;classic&quot;,&quot;animation&quot;:&quot;fadeIn&quot;}\">\n\t\t\t<div class=\"elementor-widget-wrap elementor-element-populated\">\n\t\t\t\t\t\t<div class=\"elementor-element elementor-element-a023ed4 elementor-arrows-position-inside elementor-pagination-position-outside elementor-widget elementor-widget-image-carousel\" data-id=\"a023ed4\" data-element_type=\"widget\" data-e-type=\"widget\" data-settings=\"{&quot;slides_to_show&quot;:&quot;1&quot;,&quot;effect&quot;:&quot;fade&quot;,&quot;navigation&quot;:&quot;both&quot;,&quot;autoplay&quot;:&quot;yes&quot;,&quot;pause_on_hover&quot;:&quot;yes&quot;,&quot;pause_on_interaction&quot;:&quot;yes&quot;,&quot;autoplay_speed&quot;:5000,&quot;infinite&quot;:&quot;yes&quot;,&quot;speed&quot;:500}\" data-widget_type=\"image-carousel.default\">\n\t\t\t\t<div class=\"elementor-widget-container\">\n\t\t\t\t\t\t\t<div class=\"elementor-image-carousel-wrapper swiper\" role=\"region\" aria-roledescription=\"carousel\" aria-label=\"Carrusel de im\u00e1genes\" dir=\"ltr\">\n\t\t\t<div class=\"elementor-image-carousel swiper-wrapper\" aria-live=\"off\">\n\t\t\t\t\t\t\t\t<div class=\"swiper-slide\" role=\"group\" aria-roledescription=\"slide\" aria-label=\"1 de 4\"><a data-elementor-open-lightbox=\"yes\" data-elementor-lightbox-slideshow=\"a023ed4\" data-elementor-lightbox-title=\"Julio Cardoso y Fernanda Alves en \u201cLa casa de Bernarda Alba\u201d. Teatro Experimental de Oporto.\" data-e-action-hash=\"#elementor-action%3Aaction%3Dlightbox%26settings%3DeyJpZCI6Mzg5LCJ1cmwiOiJodHRwczpcL1wvYW5nZWxmYWNpby5jb21cL3dwLWNvbnRlbnRcL3VwbG9hZHNcLzIwMjBcLzA2XC80LUJlcm5hcmRhLXBvcnR1Z3Vlc2EuanBnIiwic2xpZGVzaG93IjoiYTAyM2VkNCJ9\" href=\"https:\/\/angelfacio.com\/wp-content\/uploads\/2020\/06\/4-Bernarda-portuguesa.jpg\"><figure class=\"swiper-slide-inner\"><img decoding=\"async\" class=\"swiper-slide-image lazyload\" data-src=\"https:\/\/angelfacio.com\/wp-content\/uploads\/elementor\/thumbs\/4-Bernarda-portuguesa-qukv7hvny0rx0ax8k8x99gsjm6dtne0g3so49cty1g.jpg\" alt=\"Julio Cardoso y Fernanda Alves en \u201cLa casa de Bernarda Alba\u201d. \nTeatro Experimental de Oporto.\" src=\"data:image\/svg+xml;base64,PHN2ZyB3aWR0aD0iMSIgaGVpZ2h0PSIxIiB4bWxucz0iaHR0cDovL3d3dy53My5vcmcvMjAwMC9zdmciPjwvc3ZnPg==\" style=\"--smush-placeholder-width: 320px; --smush-placeholder-aspect-ratio: 320\/450;\" \/><figcaption class=\"elementor-image-carousel-caption\">Julio Cardoso y Fernanda Alves en \u201cLa casa de Bernarda Alba\u201d. <br \/>\nTeatro Experimental de Oporto.<\/figcaption><\/figure><\/a><\/div><div class=\"swiper-slide\" role=\"group\" aria-roledescription=\"slide\" aria-label=\"2 de 4\"><a data-elementor-open-lightbox=\"yes\" data-elementor-lightbox-slideshow=\"a023ed4\" data-elementor-lightbox-title=\"Aura Rojas y Luis Eduardo Arango en &quot;La Celestina&quot;. Teatro Col\u00f3n de Bogot\u00e1, 1979\" data-e-action-hash=\"#elementor-action%3Aaction%3Dlightbox%26settings%3DeyJpZCI6Mzk0LCJ1cmwiOiJodHRwczpcL1wvYW5nZWxmYWNpby5jb21cL3dwLWNvbnRlbnRcL3VwbG9hZHNcLzIwMjBcLzA2XC81LUxhLUNlbGVzdGluYS1BdXJhLVJvamFzLXktTHVpcy1FZHVhcmRvLUFyYW5nby4tQ2lhLU5hY2lvbmFsLWRlLVRlYXRyby1Db2xvbWJpYS0xOTc5LmpwZyIsInNsaWRlc2hvdyI6ImEwMjNlZDQifQ%3D%3D\" href=\"https:\/\/angelfacio.com\/wp-content\/uploads\/2020\/06\/5-La-Celestina-Aura-Rojas-y-Luis-Eduardo-Arango.-Cia-Nacional-de-Teatro-Colombia-1979.jpg\"><figure class=\"swiper-slide-inner\"><img decoding=\"async\" class=\"swiper-slide-image lazyload\" data-src=\"https:\/\/angelfacio.com\/wp-content\/uploads\/elementor\/thumbs\/5-La-Celestina-Aura-Rojas-y-Luis-Eduardo-Arango.-Cia-Nacional-de-Teatro-Colombia-1979-qukv7hvny0rx0ax8k8x99gsjm6dtne0g3so49cty1g.jpg\" alt=\"Aura Rojas y Luis Eduardo Arango en &quot;La Celestina&quot;.Teatro Col\u00f3n de Bogot\u00e1, 1979\" src=\"data:image\/svg+xml;base64,PHN2ZyB3aWR0aD0iMSIgaGVpZ2h0PSIxIiB4bWxucz0iaHR0cDovL3d3dy53My5vcmcvMjAwMC9zdmciPjwvc3ZnPg==\" style=\"--smush-placeholder-width: 320px; --smush-placeholder-aspect-ratio: 320\/450;\" \/><figcaption class=\"elementor-image-carousel-caption\">Aura Rojas y Luis Eduardo Arango en \"La Celestina\".<br \/>Teatro Col\u00f3n de Bogot\u00e1, 1979<\/figcaption><\/figure><\/a><\/div><div class=\"swiper-slide\" role=\"group\" aria-roledescription=\"slide\" aria-label=\"3 de 4\"><a data-elementor-open-lightbox=\"yes\" data-elementor-lightbox-slideshow=\"a023ed4\" data-elementor-lightbox-title=\"Luz Marina Segura y Clara Reyes en \u201cLigaz\u00f3n\u201d. Sala El Alacr\u00e1n, Bogot\u00e1\" data-e-action-hash=\"#elementor-action%3Aaction%3Dlightbox%26settings%3DeyJpZCI6Mzg4LCJ1cmwiOiJodHRwczpcL1wvYW5nZWxmYWNpby5jb21cL3dwLWNvbnRlbnRcL3VwbG9hZHNcLzIwMjBcLzA2XC82LUxpZ2F6b24uanBnIiwic2xpZGVzaG93IjoiYTAyM2VkNCJ9\" href=\"https:\/\/angelfacio.com\/wp-content\/uploads\/2020\/06\/6-Ligazon.jpg\"><figure class=\"swiper-slide-inner\"><img decoding=\"async\" class=\"swiper-slide-image lazyload\" data-src=\"https:\/\/angelfacio.com\/wp-content\/uploads\/elementor\/thumbs\/6-Ligazon-qukv7hvny0rx0ax8k8x99gsjm6dtne0g3so49cty1g.jpg\" alt=\"Luz Marina Segura y Clara Reyes en \u201cLigaz\u00f3n\u201d.\nSala El Alacr\u00e1n, Bogot\u00e1\" src=\"data:image\/svg+xml;base64,PHN2ZyB3aWR0aD0iMSIgaGVpZ2h0PSIxIiB4bWxucz0iaHR0cDovL3d3dy53My5vcmcvMjAwMC9zdmciPjwvc3ZnPg==\" style=\"--smush-placeholder-width: 320px; --smush-placeholder-aspect-ratio: 320\/450;\" \/><figcaption class=\"elementor-image-carousel-caption\">Luz Marina Segura y Clara Reyes en \u201cLigaz\u00f3n\u201d.<br \/>\nSala El Alacr\u00e1n, Bogot\u00e1<\/figcaption><\/figure><\/a><\/div><div class=\"swiper-slide\" role=\"group\" aria-roledescription=\"slide\" aria-label=\"4 de 4\"><a data-elementor-open-lightbox=\"yes\" data-elementor-lightbox-slideshow=\"a023ed4\" data-elementor-lightbox-title=\"M\u00aa Amelia Mata y Fernando Heitor. &quot;A noite dos assassinos&quot;. Os C\u00f3micos, Lisboa\" data-e-action-hash=\"#elementor-action%3Aaction%3Dlightbox%26settings%3DeyJpZCI6MjE0OCwidXJsIjoiaHR0cHM6XC9cL2FuZ2VsZmFjaW8uY29tXC93cC1jb250ZW50XC91cGxvYWRzXC8yMDIwXC8wOFwvMTFiaXMtTGEtbm9jaGUtZGUtbG9zLWFzZXNpbm9zLi1NYS1BbWVsaWEtTWF0YS15LUZlcm5hbmRvLUhlaXRvci5qcGciLCJzbGlkZXNob3ciOiJhMDIzZWQ0In0%3D\" href=\"https:\/\/angelfacio.com\/wp-content\/uploads\/2020\/08\/11bis-La-noche-de-los-asesinos.-Ma-Amelia-Mata-y-Fernando-Heitor.jpg\"><figure class=\"swiper-slide-inner\"><img decoding=\"async\" class=\"swiper-slide-image lazyload\" data-src=\"https:\/\/angelfacio.com\/wp-content\/uploads\/elementor\/thumbs\/11bis-La-noche-de-los-asesinos.-Ma-Amelia-Mata-y-Fernando-Heitor-qukv70ykj04r7bltb1lz0l28x8p7su5a1gxdmdj15g.jpg\" alt=\"M\u00aa Amelia Mata y Fernando Heitor. &quot;A noite dos assassinos&quot;. Os C\u00f3micos, Lisboa.\" src=\"data:image\/svg+xml;base64,PHN2ZyB3aWR0aD0iMSIgaGVpZ2h0PSIxIiB4bWxucz0iaHR0cDovL3d3dy53My5vcmcvMjAwMC9zdmciPjwvc3ZnPg==\" style=\"--smush-placeholder-width: 320px; --smush-placeholder-aspect-ratio: 320\/450;\" \/><figcaption class=\"elementor-image-carousel-caption\">M\u00aa Amelia Mata y Fernando Heitor. \"A noite dos assassinos\". <br \/>Os C\u00f3micos, Lisboa.<\/figcaption><\/figure><\/a><\/div>\t\t\t<\/div>\n\t\t\t\t\t\t\t\t\t\t\t\t<div class=\"elementor-swiper-button elementor-swiper-button-prev\" role=\"button\" tabindex=\"0\">\n\t\t\t\t\t\t<i aria-hidden=\"true\" class=\"eicon-chevron-left\"><\/i>\t\t\t\t\t<\/div>\n\t\t\t\t\t<div class=\"elementor-swiper-button elementor-swiper-button-next\" role=\"button\" tabindex=\"0\">\n\t\t\t\t\t\t<i aria-hidden=\"true\" class=\"eicon-chevron-right\"><\/i>\t\t\t\t\t<\/div>\n\t\t\t\t\n\t\t\t\t\t\t\t\t\t<div class=\"swiper-pagination\"><\/div>\n\t\t\t\t\t\t\t\t\t<\/div>\n\t\t\t\t\t\t<\/div>\n\t\t\t\t<\/div>\n\t\t\t\t\t<\/div>\n\t\t<\/div>\n\t\t\t\t\t<\/div>\n\t\t<\/section>\n\t\t\t\t<section class=\"elementor-section elementor-inner-section elementor-element elementor-element-a5513f2 elementor-section-boxed elementor-section-height-default elementor-section-height-default\" data-id=\"a5513f2\" data-element_type=\"section\" data-e-type=\"section\">\n\t\t\t\t\t\t<div class=\"elementor-container elementor-column-gap-default\">\n\t\t\t\t\t<div class=\"elementor-column elementor-col-50 elementor-inner-column elementor-element elementor-element-22df592\" data-id=\"22df592\" data-element_type=\"column\" data-e-type=\"column\">\n\t\t\t<div class=\"elementor-widget-wrap elementor-element-populated\">\n\t\t\t\t\t\t<div class=\"elementor-element elementor-element-ba73947 elementor-widget elementor-widget-text-editor\" data-id=\"ba73947\" data-element_type=\"widget\" data-e-type=\"widget\" data-widget_type=\"text-editor.default\">\n\t\t\t\t<div class=\"elementor-widget-container\">\n\t\t\t\t\t\t\t\t\t<p><span lang=\"es-ES-u-co-trad\">Dec\u00edan que hab\u00edan cambiado las cosas. De hecho, a principios del 80 estren\u00e9 un art\u00edculo de lencer\u00eda en el Centro Dram\u00e1tico Nacional:\u00a0<\/span><em><strong><span lang=\"es-ES-u-co-trad\">Las Bragas<\/span><\/strong><\/em><span lang=\"es-ES-u-co-trad\">, co\u00f1a alemana antiburguesa con regusto a vodevil, original del banquero Carl Sternheim. As\u00ed como una comedia en tono de vodevil,\u00a0<\/span><strong><em><span lang=\"es-CO\">No hay<\/span>\u00a0<span lang=\"es-CO\">burlas con Calder\u00f3n<\/span><\/em><\/strong><span lang=\"es-CO\">,\u00a0<\/span><span lang=\"es-CO\">y prefiero olvidar una demencia primaveral con Moncho Alpuente que dio en llamarse\u00a0<\/span><strong><em><span lang=\"es-CO\">La Reina del Nilo<\/span><\/em><\/strong><span lang=\"es-CO\">. <\/span><span lang=\"es-CO\">Cayeron tambi\u00e9n unas cuantas reposiciones, y un sinf\u00edn de cursos, cursillos, cursetes, seminarios, mesas redondas, mesas cuadradas, congresos y conferencias. Tambi\u00e9n much\u00edsimas horas de pasillo en los centros oficiales, mendigando el dinero necesario para sacar adelante alg\u00fan espect\u00e1culo que nunca ver\u00eda la luz. Fueron estos tiempos de desilusi\u00f3n, imputable sin duda a la falta de un proyecto cultural coherente por parte de los advenedizos socialistas de sal\u00f3n que nos cayeron en suerte.<\/span><\/p>\t\t\t\t\t\t\t\t<\/div>\n\t\t\t\t<\/div>\n\t\t\t\t\t<\/div>\n\t\t<\/div>\n\t\t\t\t<div class=\"elementor-column elementor-col-50 elementor-inner-column elementor-element elementor-element-81a6dc3 elementor-invisible\" data-id=\"81a6dc3\" data-element_type=\"column\" data-e-type=\"column\" data-settings=\"{&quot;background_background&quot;:&quot;classic&quot;,&quot;animation&quot;:&quot;fadeIn&quot;}\">\n\t\t\t<div class=\"elementor-widget-wrap elementor-element-populated\">\n\t\t\t\t\t\t<div class=\"elementor-element elementor-element-247ef5e elementor-arrows-position-inside elementor-pagination-position-outside elementor-widget elementor-widget-image-carousel\" data-id=\"247ef5e\" data-element_type=\"widget\" data-e-type=\"widget\" data-settings=\"{&quot;slides_to_show&quot;:&quot;1&quot;,&quot;effect&quot;:&quot;fade&quot;,&quot;navigation&quot;:&quot;both&quot;,&quot;autoplay&quot;:&quot;yes&quot;,&quot;pause_on_hover&quot;:&quot;yes&quot;,&quot;pause_on_interaction&quot;:&quot;yes&quot;,&quot;autoplay_speed&quot;:5000,&quot;infinite&quot;:&quot;yes&quot;,&quot;speed&quot;:500}\" data-widget_type=\"image-carousel.default\">\n\t\t\t\t<div class=\"elementor-widget-container\">\n\t\t\t\t\t\t\t<div class=\"elementor-image-carousel-wrapper swiper\" role=\"region\" aria-roledescription=\"carousel\" aria-label=\"Carrusel de im\u00e1genes\" dir=\"ltr\">\n\t\t\t<div class=\"elementor-image-carousel swiper-wrapper\" aria-live=\"off\">\n\t\t\t\t\t\t\t\t<div class=\"swiper-slide\" role=\"group\" aria-roledescription=\"slide\" aria-label=\"1 de 2\"><a data-elementor-open-lightbox=\"yes\" data-elementor-lightbox-slideshow=\"247ef5e\" data-elementor-lightbox-title=\"Alicia Hermida, F\u00e9lix Rotaeta y Salom\u00e9 Guerrero en\u00a0&quot;Las Bragas&quot;. Teatro Bellas Artes, Madrid.\" data-e-action-hash=\"#elementor-action%3Aaction%3Dlightbox%26settings%3DeyJpZCI6Mzg2LCJ1cmwiOiJodHRwczpcL1wvYW5nZWxmYWNpby5jb21cL3dwLWNvbnRlbnRcL3VwbG9hZHNcLzIwMjBcLzA2XC84LUxhcy1CcmFnYXMuanBnIiwic2xpZGVzaG93IjoiMjQ3ZWY1ZSJ9\" href=\"https:\/\/angelfacio.com\/wp-content\/uploads\/2020\/06\/8-Las-Bragas.jpg\"><figure class=\"swiper-slide-inner\"><img decoding=\"async\" class=\"swiper-slide-image lazyload\" data-src=\"https:\/\/angelfacio.com\/wp-content\/uploads\/elementor\/thumbs\/8-Las-Bragas-qukv7itii0delo3ex9xfio7goayiccl7qqbjuulwdi.jpg\" alt=\"Alicia Hermida, F\u00e9lix Rotaeta y Salom\u00e9 Guerreroen\u00a0&quot;Las Bragas&quot;. Teatro Bellas Artes, Madrid.\" src=\"data:image\/svg+xml;base64,PHN2ZyB3aWR0aD0iMSIgaGVpZ2h0PSIxIiB4bWxucz0iaHR0cDovL3d3dy53My5vcmcvMjAwMC9zdmciPjwvc3ZnPg==\" style=\"--smush-placeholder-width: 350px; --smush-placeholder-aspect-ratio: 350\/247;\" \/><figcaption class=\"elementor-image-carousel-caption\">Alicia Hermida, F\u00e9lix Rotaeta y Salom\u00e9 Guerrero<br \/>en\u00a0\"Las Bragas\". Teatro Bellas Artes, Madrid.<\/figcaption><\/figure><\/a><\/div><div class=\"swiper-slide\" role=\"group\" aria-roledescription=\"slide\" aria-label=\"2 de 2\"><a data-elementor-open-lightbox=\"yes\" data-elementor-lightbox-slideshow=\"247ef5e\" data-elementor-lightbox-title=\"Promoci\u00f3n de 1994 de la R.E.S.A.D. en\u00a0&quot;No hay burlas con Calder\u00f3n&quot;\" data-e-action-hash=\"#elementor-action%3Aaction%3Dlightbox%26settings%3DeyJpZCI6Mzg3LCJ1cmwiOiJodHRwczpcL1wvYW5nZWxmYWNpby5jb21cL3dwLWNvbnRlbnRcL3VwbG9hZHNcLzIwMjBcLzA2XC85LU5vLWhheS1idXJsYXMtY29uLUNhbGRlcm9uLmpwZyIsInNsaWRlc2hvdyI6IjI0N2VmNWUifQ%3D%3D\" href=\"https:\/\/angelfacio.com\/wp-content\/uploads\/2020\/06\/9-No-hay-burlas-con-Calderon.jpg\"><figure class=\"swiper-slide-inner\"><img decoding=\"async\" class=\"swiper-slide-image lazyload\" data-src=\"https:\/\/angelfacio.com\/wp-content\/uploads\/elementor\/thumbs\/9-No-hay-burlas-con-Calderon-qukv7itii0delo3ex9xfio7goayiccl7qqbjuulwis.jpg\" alt=\"Promoci\u00f3n de 1994 de la R.E.S.A.D.en\u00a0&quot;No hay burlas con Calder\u00f3n&quot;\" src=\"data:image\/svg+xml;base64,PHN2ZyB3aWR0aD0iMSIgaGVpZ2h0PSIxIiB4bWxucz0iaHR0cDovL3d3dy53My5vcmcvMjAwMC9zdmciPjwvc3ZnPg==\" style=\"--smush-placeholder-width: 350px; --smush-placeholder-aspect-ratio: 350\/266;\" \/><figcaption class=\"elementor-image-carousel-caption\">Promoci\u00f3n de 1994 de la R.E.S.A.D.<br \/>en\u00a0\"No hay burlas con Calder\u00f3n\"<\/figcaption><\/figure><\/a><\/div>\t\t\t<\/div>\n\t\t\t\t\t\t\t\t\t\t\t\t<div class=\"elementor-swiper-button elementor-swiper-button-prev\" role=\"button\" tabindex=\"0\">\n\t\t\t\t\t\t<i aria-hidden=\"true\" class=\"eicon-chevron-left\"><\/i>\t\t\t\t\t<\/div>\n\t\t\t\t\t<div class=\"elementor-swiper-button elementor-swiper-button-next\" role=\"button\" tabindex=\"0\">\n\t\t\t\t\t\t<i aria-hidden=\"true\" class=\"eicon-chevron-right\"><\/i>\t\t\t\t\t<\/div>\n\t\t\t\t\n\t\t\t\t\t\t\t\t\t<div class=\"swiper-pagination\"><\/div>\n\t\t\t\t\t\t\t\t\t<\/div>\n\t\t\t\t\t\t<\/div>\n\t\t\t\t<\/div>\n\t\t\t\t\t<\/div>\n\t\t<\/div>\n\t\t\t\t\t<\/div>\n\t\t<\/section>\n\t\t\t\t<section class=\"elementor-section elementor-inner-section elementor-element elementor-element-9f91ccc elementor-section-boxed elementor-section-height-default elementor-section-height-default\" data-id=\"9f91ccc\" data-element_type=\"section\" data-e-type=\"section\">\n\t\t\t\t\t\t<div class=\"elementor-container elementor-column-gap-default\">\n\t\t\t\t\t<div class=\"elementor-column elementor-col-50 elementor-inner-column elementor-element elementor-element-074911f\" data-id=\"074911f\" data-element_type=\"column\" data-e-type=\"column\">\n\t\t\t<div class=\"elementor-widget-wrap elementor-element-populated\">\n\t\t\t\t\t\t<div class=\"elementor-element elementor-element-abdfb46 elementor-widget elementor-widget-text-editor\" data-id=\"abdfb46\" data-element_type=\"widget\" data-e-type=\"widget\" data-widget_type=\"text-editor.default\">\n\t\t\t\t<div class=\"elementor-widget-container\">\n\t\t\t\t\t\t\t\t\t<p><span lang=\"es-ES-u-co-trad\">Al a\u00f1o siguiente me llamaron los\u00a0<\/span><span lang=\"es-ES-u-co-trad\">Ditirambo<\/span><span lang=\"es-ES-u-co-trad\">: \u00bfhacemos algo? Ellos me propusieron el\u00a0<\/span><strong><em><span lang=\"es-ES-u-co-trad\">Fausto<\/span><\/em><\/strong><span lang=\"es-ES-u-co-trad\">, pero yo ten\u00eda clavada la espinita de<em><strong>\u00a0<\/strong><\/em><\/span><em><strong><span lang=\"es-ES-u-co-trad\">La Celestina<\/span><\/strong><\/em><span lang=\"es-ES-u-co-trad\">\u00a0y, despu\u00e9s de todo, no eran temas tan distantes. Llegamos a un acuerdo, se fund\u00f3 TEATRO DEL AIRE, otro intento de grupo estable desaparecido por falta de oxigeno. Nos enredamos bastante, pero acab\u00e9 de desarrollar mi lectura de\u00a0<\/span><em><strong><span lang=\"es-ES-u-co-trad\">La Celestina<\/span><\/strong><\/em><span lang=\"es-ES-u-co-trad\">\u00a0a lo largo de tres duras temporadas (176 funciones). Aunque Madrid permaneciese cerrado a cal y canto, absolutamente sordo a nuestro asedio. \u00a1Ni que fu\u00e9ramos de Regulares!<\/span><\/p><p><span lang=\"es-ES-u-co-trad\">Ante tan cruda perspectiva, echamos el cierre en el verano del 83, y yo me fui a Polonia, invitado por el Teatro Jaracza de Lodz. Entre aromas de postguerra y patriotismo antimarxista, mont\u00e9<em><strong>\u00a0<\/strong><\/em><\/span><em><strong><span lang=\"es-ES-u-co-trad\">Las criadas<\/span><\/strong><\/em><span lang=\"es-ES-u-co-trad\">, y luego me volv\u00ed a casa. Apenas tuve tiempo para reponerme de la impresi\u00f3n. A los siete d\u00edas el C\u00edrculo de Bellas Artes nos ofrec\u00eda la posibilidad de presentar\u00a0<\/span><strong><em><span lang=\"es-ES-u-co-trad\">La Celestina<\/span><\/em><\/strong><span lang=\"es-ES-u-co-trad\"><em>\u00a0<\/em>en Madrid.<\/span><\/p>\t\t\t\t\t\t\t\t<\/div>\n\t\t\t\t<\/div>\n\t\t\t\t\t<\/div>\n\t\t<\/div>\n\t\t\t\t<div class=\"elementor-column elementor-col-50 elementor-inner-column elementor-element elementor-element-11c8997 elementor-invisible\" data-id=\"11c8997\" data-element_type=\"column\" data-e-type=\"column\" data-settings=\"{&quot;background_background&quot;:&quot;classic&quot;,&quot;animation&quot;:&quot;fadeIn&quot;}\">\n\t\t\t<div class=\"elementor-widget-wrap elementor-element-populated\">\n\t\t\t\t\t\t<div class=\"elementor-element elementor-element-91a4282 elementor-arrows-position-inside elementor-pagination-position-outside elementor-widget elementor-widget-image-carousel\" data-id=\"91a4282\" data-element_type=\"widget\" data-e-type=\"widget\" data-settings=\"{&quot;slides_to_show&quot;:&quot;1&quot;,&quot;effect&quot;:&quot;fade&quot;,&quot;navigation&quot;:&quot;both&quot;,&quot;autoplay&quot;:&quot;yes&quot;,&quot;pause_on_hover&quot;:&quot;yes&quot;,&quot;pause_on_interaction&quot;:&quot;yes&quot;,&quot;autoplay_speed&quot;:5000,&quot;infinite&quot;:&quot;yes&quot;,&quot;speed&quot;:500}\" data-widget_type=\"image-carousel.default\">\n\t\t\t\t<div class=\"elementor-widget-container\">\n\t\t\t\t\t\t\t<div class=\"elementor-image-carousel-wrapper swiper\" role=\"region\" aria-roledescription=\"carousel\" aria-label=\"Carrusel de im\u00e1genes\" dir=\"ltr\">\n\t\t\t<div class=\"elementor-image-carousel swiper-wrapper\" aria-live=\"off\">\n\t\t\t\t\t\t\t\t<div class=\"swiper-slide\" role=\"group\" aria-roledescription=\"slide\" aria-label=\"1 de 2\"><a data-elementor-open-lightbox=\"yes\" data-elementor-lightbox-slideshow=\"91a4282\" data-elementor-lightbox-title=\"&quot;La Celestina&quot;, 14\/08\/1982 - 31\/05\/1983. Dora Santacreu, Tony Maro\u00f1o, Charo Amador, Ernesto Ru\u00edz,  Paco Mendez, Gloria Villalba, Cristina V\u00e1zquez, David Alvarez, Charo Urricelqui&lt;br \/&gt;\" data-e-action-hash=\"#elementor-action%3Aaction%3Dlightbox%26settings%3DeyJpZCI6MjE1MCwidXJsIjoiaHR0cHM6XC9cL2FuZ2VsZmFjaW8uY29tXC93cC1jb250ZW50XC91cGxvYWRzXC8yMDIwXC8wOFwvTGEtQ2VsZXN0aW5hLWdpcmEtMTk4Mi0xOTgzLTEuanBnIiwic2xpZGVzaG93IjoiOTFhNDI4MiJ9\" href=\"https:\/\/angelfacio.com\/wp-content\/uploads\/2020\/08\/La-Celestina-gira-1982-1983-1.jpg\"><figure class=\"swiper-slide-inner\"><img decoding=\"async\" class=\"swiper-slide-image lazyload\" data-src=\"https:\/\/angelfacio.com\/wp-content\/uploads\/elementor\/thumbs\/La-Celestina-gira-1982-1983-1-qukv71weh2ep5o79u5z4b5h19rvu5leqxw41o2qp2g.jpg\" alt=\"Dora Santacreu, Tony Maro\u00f1o,  Charo Amador, Ernesto Ru\u00edz,  Paco Men\u00e9ndez, Gloria Villalba, Cristina V\u00e1zquez, David Alvarez, Charo Urricelqui&quot;La Celestina&quot;, 14\/08\/1982 - 31\/05\/1983.\" src=\"data:image\/svg+xml;base64,PHN2ZyB3aWR0aD0iMSIgaGVpZ2h0PSIxIiB4bWxucz0iaHR0cDovL3d3dy53My5vcmcvMjAwMC9zdmciPjwvc3ZnPg==\" style=\"--smush-placeholder-width: 300px; --smush-placeholder-aspect-ratio: 300\/420;\" \/><figcaption class=\"elementor-image-carousel-caption\">Dora Santacreu, Tony Maro\u00f1o, <br \/> Charo Amador, Ernesto Ru\u00edz,  Paco Men\u00e9ndez, Gloria Villalba, <br \/>Cristina V\u00e1zquez, David Alvarez, Charo Urricelqui<br \/>\"La Celestina\", 14\/08\/1982 - 31\/05\/1983. <\/figcaption><\/figure><\/a><\/div><div class=\"swiper-slide\" role=\"group\" aria-roledescription=\"slide\" aria-label=\"2 de 2\"><a data-elementor-open-lightbox=\"yes\" data-elementor-lightbox-slideshow=\"91a4282\" data-elementor-lightbox-title=\"Zywila Pietrzak y Bogusha Pawelec en\u00a0&quot;Las Criadas&quot;. Teatr im Stephan Jaracz, Lodz.\" data-e-action-hash=\"#elementor-action%3Aaction%3Dlightbox%26settings%3DeyJpZCI6Mzg1LCJ1cmwiOiJodHRwczpcL1wvYW5nZWxmYWNpby5jb21cL3dwLWNvbnRlbnRcL3VwbG9hZHNcLzIwMjBcLzA2XC8xMC1MYXMtQ3JpYWRhcy5qcGciLCJzbGlkZXNob3ciOiI5MWE0MjgyIn0%3D\" href=\"https:\/\/angelfacio.com\/wp-content\/uploads\/2020\/06\/10-Las-Criadas.jpg\"><figure class=\"swiper-slide-inner\"><img decoding=\"async\" class=\"swiper-slide-image lazyload\" data-src=\"https:\/\/angelfacio.com\/wp-content\/uploads\/elementor\/thumbs\/10-Las-Criadas-qukv7jrc2x35a9hbxvp14iysk3ft7udncci9sc07s8.jpg\" alt=\"Zywila Pietrzak y Bogusha Pawelec en\u00a0&quot;Las Criadas&quot;.Teatr im Stephan Jaracz, Lodz.\" src=\"data:image\/svg+xml;base64,PHN2ZyB3aWR0aD0iMSIgaGVpZ2h0PSIxIiB4bWxucz0iaHR0cDovL3d3dy53My5vcmcvMjAwMC9zdmciPjwvc3ZnPg==\" style=\"--smush-placeholder-width: 300px; --smush-placeholder-aspect-ratio: 300\/420;\" \/><figcaption class=\"elementor-image-carousel-caption\">Zywila Pietrzak y Bogusha Pawelec en\u00a0\"Las Criadas\".<br \/>Teatr im Stephan Jaracz, Lodz.<\/figcaption><\/figure><\/a><\/div>\t\t\t<\/div>\n\t\t\t\t\t\t\t\t\t\t\t\t<div class=\"elementor-swiper-button elementor-swiper-button-prev\" role=\"button\" tabindex=\"0\">\n\t\t\t\t\t\t<i aria-hidden=\"true\" class=\"eicon-chevron-left\"><\/i>\t\t\t\t\t<\/div>\n\t\t\t\t\t<div class=\"elementor-swiper-button elementor-swiper-button-next\" role=\"button\" tabindex=\"0\">\n\t\t\t\t\t\t<i aria-hidden=\"true\" class=\"eicon-chevron-right\"><\/i>\t\t\t\t\t<\/div>\n\t\t\t\t\n\t\t\t\t\t\t\t\t\t<div class=\"swiper-pagination\"><\/div>\n\t\t\t\t\t\t\t\t\t<\/div>\n\t\t\t\t\t\t<\/div>\n\t\t\t\t<\/div>\n\t\t\t\t\t<\/div>\n\t\t<\/div>\n\t\t\t\t\t<\/div>\n\t\t<\/section>\n\t\t\t\t<section class=\"elementor-section elementor-inner-section elementor-element elementor-element-81d1f25 elementor-section-boxed elementor-section-height-default elementor-section-height-default\" data-id=\"81d1f25\" data-element_type=\"section\" data-e-type=\"section\">\n\t\t\t\t\t\t<div class=\"elementor-container elementor-column-gap-default\">\n\t\t\t\t\t<div class=\"elementor-column elementor-col-50 elementor-inner-column elementor-element elementor-element-45750ed\" data-id=\"45750ed\" data-element_type=\"column\" data-e-type=\"column\">\n\t\t\t<div class=\"elementor-widget-wrap elementor-element-populated\">\n\t\t\t\t\t\t<div class=\"elementor-element elementor-element-2e231fd elementor-widget elementor-widget-text-editor\" data-id=\"2e231fd\" data-element_type=\"widget\" data-e-type=\"widget\" data-widget_type=\"text-editor.default\">\n\t\t\t\t<div class=\"elementor-widget-container\">\n\t\t\t\t\t\t\t\t\t<p><span lang=\"es-CO\">Rayando los 90, me li\u00e9 la manta a la cabeza, e intent\u00e9 resucitar GOLIARDOS, esta vez bajo la redundante etiqueta de\u00a0<\/span><span lang=\"es-CO\">Sociedad Limitada.\u00a0<\/span><span lang=\"es-CO\">De esta experiencia, much\u00edsimo papeleo legalista -miseria envuelta en celof\u00e1n-, y apenas cuatro espect\u00e1culos, armados sobre textos de Sartre, Genet, Rodrigo Garc\u00eda, y un controvertido\u00a0<\/span><em><strong><span lang=\"es-CO\">Tenorio<\/span><\/strong><\/em><span lang=\"es-CO\">.\u00a0<\/span><span lang=\"es-CO\">En el 94, cerramos definitivamente el chiringuito, y me largu\u00e9 a Sevilla, donde desempe\u00f1\u00e9 la c\u00e1tedra de Dramaturgia en la Escuela de Direcci\u00f3n del C.A.T., y realic\u00e9 el montaje de\u00a0<\/span><strong><em><span lang=\"es-CO\">Mosc\u00fa Cercan\u00edas<\/span><\/em><\/strong><span lang=\"es-CO\">,\u00a0<\/span><span lang=\"es-CO\">un texto ruso en que se luci\u00f3 Juan Diego. Luego cruc\u00e9 el charco y me fui a Colombia para intentar poner en pie una versi\u00f3n criolla de\u00a0<\/span><strong><em><span lang=\"es-CO\">Fuente Ovejuna<\/span><\/em><\/strong><span lang=\"es-CO\">,\u00a0<\/span><span lang=\"es-CO\">pero la cosa no result\u00f3 por falta de presupuesto, as\u00ed que me volv\u00ed a la Madre Patria, y cumpl\u00ed un sue\u00f1o largos a\u00f1os acariciado: echar las bases de un teatro mesetario. Fruto esp\u00fareo de mi obsesi\u00f3n, unas\u00a0<\/span><span lang=\"es-CO\"><strong><em>Desventuras conyugales<\/em><\/strong> <em><strong>de Bartolom\u00e9 Morales<\/strong><\/em><\/span><span lang=\"es-CO\">, inspiradas en los\u00a0<\/span><span lang=\"es-CO\">Di\u00e1logos<\/span><span lang=\"es-CO\">\u00a0del Ruzante, y una\u00a0<\/span><strong><em><span lang=\"es-CO\">Noche de los Asesinos<\/span><\/em><\/strong><span lang=\"es-CO\">,\u00a0<\/span><span lang=\"es-CO\">levantada a pulso por una compa\u00f1\u00eda familiar de Almendralejo.<\/span><\/p>\t\t\t\t\t\t\t\t<\/div>\n\t\t\t\t<\/div>\n\t\t\t\t\t<\/div>\n\t\t<\/div>\n\t\t\t\t<div class=\"elementor-column elementor-col-50 elementor-inner-column elementor-element elementor-element-1f9656e elementor-invisible\" data-id=\"1f9656e\" data-element_type=\"column\" data-e-type=\"column\" data-settings=\"{&quot;background_background&quot;:&quot;classic&quot;,&quot;animation&quot;:&quot;fadeIn&quot;}\">\n\t\t\t<div class=\"elementor-widget-wrap elementor-element-populated\">\n\t\t\t\t\t\t<div class=\"elementor-element elementor-element-3f8a567 elementor-arrows-position-inside elementor-pagination-position-outside elementor-widget elementor-widget-image-carousel\" data-id=\"3f8a567\" data-element_type=\"widget\" data-e-type=\"widget\" data-settings=\"{&quot;slides_to_show&quot;:&quot;1&quot;,&quot;effect&quot;:&quot;fade&quot;,&quot;navigation&quot;:&quot;both&quot;,&quot;autoplay&quot;:&quot;yes&quot;,&quot;pause_on_hover&quot;:&quot;yes&quot;,&quot;pause_on_interaction&quot;:&quot;yes&quot;,&quot;autoplay_speed&quot;:5000,&quot;infinite&quot;:&quot;yes&quot;,&quot;speed&quot;:500}\" data-widget_type=\"image-carousel.default\">\n\t\t\t\t<div class=\"elementor-widget-container\">\n\t\t\t\t\t\t\t<div class=\"elementor-image-carousel-wrapper swiper\" role=\"region\" aria-roledescription=\"carousel\" aria-label=\"Carrusel de im\u00e1genes\" dir=\"ltr\">\n\t\t\t<div class=\"elementor-image-carousel swiper-wrapper\" aria-live=\"off\">\n\t\t\t\t\t\t\t\t<div class=\"swiper-slide\" role=\"group\" aria-roledescription=\"slide\" aria-label=\"1 de 3\"><a data-elementor-open-lightbox=\"yes\" data-elementor-lightbox-slideshow=\"3f8a567\" data-elementor-lightbox-title=\"Lola Manzano y F.M. Poika en\u00a0&quot;Don Juan Tenorio&quot;. Teatro Alb\u00e9niz. Madrid\" data-e-action-hash=\"#elementor-action%3Aaction%3Dlightbox%26settings%3DeyJpZCI6MzgzLCJ1cmwiOiJodHRwczpcL1wvYW5nZWxmYWNpby5jb21cL3dwLWNvbnRlbnRcL3VwbG9hZHNcLzIwMjBcLzA2XC8xMi1Eb24tSnVhbi1UZW5vcmlvLmpwZyIsInNsaWRlc2hvdyI6IjNmOGE1NjcifQ%3D%3D\" href=\"https:\/\/angelfacio.com\/wp-content\/uploads\/2020\/06\/12-Don-Juan-Tenorio.jpg\"><figure class=\"swiper-slide-inner\"><img decoding=\"async\" class=\"swiper-slide-image lazyload\" data-src=\"https:\/\/angelfacio.com\/wp-content\/uploads\/elementor\/thumbs\/12-Don-Juan-Tenorio-qukv7gxtieyvztgfd3efg2lei8wromomiipbxfjwz0.jpg\" alt=\"Don Juan Tenorio - Lola Manzano y F.M. Poika\" src=\"data:image\/svg+xml;base64,PHN2ZyB3aWR0aD0iMSIgaGVpZ2h0PSIxIiB4bWxucz0iaHR0cDovL3d3dy53My5vcmcvMjAwMC9zdmciPjwvc3ZnPg==\" style=\"--smush-placeholder-width: 300px; --smush-placeholder-aspect-ratio: 300\/350;\" \/><figcaption class=\"elementor-image-carousel-caption\">Don Juan Tenorio - Lola Manzano y F.M. Poika<\/figcaption><\/figure><\/a><\/div><div class=\"swiper-slide\" role=\"group\" aria-roledescription=\"slide\" aria-label=\"2 de 3\"><a data-elementor-open-lightbox=\"yes\" data-elementor-lightbox-slideshow=\"3f8a567\" data-elementor-lightbox-title=\"Juan Diego y Sebasti\u00e1n Haro en\u00a0&quot;Mosc\u00fa Cercan\u00edas&quot;. Teatro Lope de Vega, Sevilla.\" data-e-action-hash=\"#elementor-action%3Aaction%3Dlightbox%26settings%3DeyJpZCI6MzgyLCJ1cmwiOiJodHRwczpcL1wvYW5nZWxmYWNpby5jb21cL3dwLWNvbnRlbnRcL3VwbG9hZHNcLzIwMjBcLzA2XC8xMy1Nb3NjdS1DZXJjYW5pYXMuanBnIiwic2xpZGVzaG93IjoiM2Y4YTU2NyJ9\" href=\"https:\/\/angelfacio.com\/wp-content\/uploads\/2020\/06\/13-Moscu-Cercanias.jpg\"><figure class=\"swiper-slide-inner\"><img decoding=\"async\" class=\"swiper-slide-image lazyload\" data-src=\"https:\/\/angelfacio.com\/wp-content\/uploads\/elementor\/thumbs\/13-Moscu-Cercanias-qukv7hvnp906bff27lt20kcv3ms4wbscunctepiiss.jpg\" alt=\"Juan Diego y Sebasti\u00e1n Haro en\u00a0&quot;Mosc\u00fa Cercan\u00edas&quot;. Teatro Lope de Vega, Sevilla.\" src=\"data:image\/svg+xml;base64,PHN2ZyB3aWR0aD0iMSIgaGVpZ2h0PSIxIiB4bWxucz0iaHR0cDovL3d3dy53My5vcmcvMjAwMC9zdmciPjwvc3ZnPg==\" style=\"--smush-placeholder-width: 300px; --smush-placeholder-aspect-ratio: 300\/350;\" \/><figcaption class=\"elementor-image-carousel-caption\">Juan Diego y Sebasti\u00e1n Haro <br \/>en\u00a0\"Mosc\u00fa Cercan\u00edas\". Teatro Lope de Vega, Sevilla.<\/figcaption><\/figure><\/a><\/div><div class=\"swiper-slide\" role=\"group\" aria-roledescription=\"slide\" aria-label=\"3 de 3\"><a data-elementor-open-lightbox=\"yes\" data-elementor-lightbox-slideshow=\"3f8a567\" data-elementor-lightbox-title=\"Concha Rodr\u00edguez, Miguel Rodr\u00edguez y Lola Manzano en\u00a0&quot;La noche de los asesinos&quot;. Almendralejo\" data-e-action-hash=\"#elementor-action%3Aaction%3Dlightbox%26settings%3DeyJpZCI6MzgxLCJ1cmwiOiJodHRwczpcL1wvYW5nZWxmYWNpby5jb21cL3dwLWNvbnRlbnRcL3VwbG9hZHNcLzIwMjBcLzA2XC8xNC1MYS1Ob2NoZS1kZS1sb3MtYXNlc2lub3MtZXNwYVx1MDBmMWEuanBnIiwic2xpZGVzaG93IjoiM2Y4YTU2NyJ9\" href=\"https:\/\/angelfacio.com\/wp-content\/uploads\/2020\/06\/14-La-Noche-de-los-asesinos-espa\u00f1a.jpg\"><figure class=\"swiper-slide-inner\"><img decoding=\"async\" class=\"swiper-slide-image lazyload\" data-src=\"https:\/\/angelfacio.com\/wp-content\/uploads\/elementor\/thumbs\/14-La-Noche-de-los-asesinos-espa\u00f1a-qukv7ithw31gn1dp247ol24bp0ni40w36s0avzh4mk.jpg\" alt=\"Concha Rodr\u00edguez, Miguel Rodr\u00edguez y Lola Manzanoen\u00a0&quot;La noche de los asesinos&quot;. Almendralejo\" src=\"data:image\/svg+xml;base64,PHN2ZyB3aWR0aD0iMSIgaGVpZ2h0PSIxIiB4bWxucz0iaHR0cDovL3d3dy53My5vcmcvMjAwMC9zdmciPjwvc3ZnPg==\" style=\"--smush-placeholder-width: 300px; --smush-placeholder-aspect-ratio: 300\/350;\" \/><figcaption class=\"elementor-image-carousel-caption\">Concha Rodr\u00edguez, Miguel Rodr\u00edguez y Lola Manzano<br \/>en\u00a0\"La noche de los asesinos\". Almendralejo<\/figcaption><\/figure><\/a><\/div>\t\t\t<\/div>\n\t\t\t\t\t\t\t\t\t\t\t\t<div class=\"elementor-swiper-button elementor-swiper-button-prev\" role=\"button\" tabindex=\"0\">\n\t\t\t\t\t\t<i aria-hidden=\"true\" class=\"eicon-chevron-left\"><\/i>\t\t\t\t\t<\/div>\n\t\t\t\t\t<div class=\"elementor-swiper-button elementor-swiper-button-next\" role=\"button\" tabindex=\"0\">\n\t\t\t\t\t\t<i aria-hidden=\"true\" class=\"eicon-chevron-right\"><\/i>\t\t\t\t\t<\/div>\n\t\t\t\t\n\t\t\t\t\t\t\t\t\t<div class=\"swiper-pagination\"><\/div>\n\t\t\t\t\t\t\t\t\t<\/div>\n\t\t\t\t\t\t<\/div>\n\t\t\t\t<\/div>\n\t\t\t\t\t<\/div>\n\t\t<\/div>\n\t\t\t\t\t<\/div>\n\t\t<\/section>\n\t\t\t\t<section class=\"elementor-section elementor-inner-section elementor-element elementor-element-8aa69f9 elementor-section-boxed elementor-section-height-default elementor-section-height-default\" data-id=\"8aa69f9\" data-element_type=\"section\" data-e-type=\"section\">\n\t\t\t\t\t\t<div class=\"elementor-container elementor-column-gap-default\">\n\t\t\t\t\t<div class=\"elementor-column elementor-col-50 elementor-inner-column elementor-element elementor-element-5423264\" data-id=\"5423264\" data-element_type=\"column\" data-e-type=\"column\">\n\t\t\t<div class=\"elementor-widget-wrap elementor-element-populated\">\n\t\t\t\t\t\t<div class=\"elementor-element elementor-element-f5b7285 elementor-widget elementor-widget-text-editor\" data-id=\"f5b7285\" data-element_type=\"widget\" data-e-type=\"widget\" data-widget_type=\"text-editor.default\">\n\t\t\t\t<div class=\"elementor-widget-container\">\n\t\t\t\t\t\t\t\t\t<p><span lang=\"es-CO\">Un poco harto ya de dar tumbos, expirando el siglo, decid\u00ed presentarme a las oposiciones de\u00a0<\/span><span lang=\"es-CO\">Direcci\u00f3n<\/span><span lang=\"es-CO\"> de la Real Escuela Superior de Arte Dram\u00e1tico de Madrid. Me tumbaron, como era de esperar, as\u00ed que tuve que conformarme con hacer lo propio en la Huerta en condici\u00f3n de interino. Y all\u00ed me qued\u00e9 durante un par de a\u00f1os, rodeado de esp\u00e1rragos, berenjenas y tomates. Con alumnos, profesores y graduados de la Escuela de Murcia, consegu\u00ed poner en pie la <\/span><strong><em><span lang=\"es-CO\">Fuente Ovejuna<\/span><\/em><\/strong>\u00a0<span lang=\"es-CO\">rumiada en Colombia. Y con un grupo de amiguetes de Logro\u00f1o, estren\u00e9 meses despu\u00e9s un extra\u00f1o texto de Coppi, exc\u00e9ntrico y polifac\u00e9tico autor argentino. Todo esto en el 2002. En el 2003, me present\u00e9 de nuevo a las oposiciones de\u00a0<\/span><span lang=\"es-CO\">Direcci\u00f3n<\/span><span lang=\"es-CO\">, esta vez en Murcia, y al tumbarme de nuevo descubr\u00ed que Dios -el sistema- no me hab\u00eda llamado por los caminos de la Pedagog\u00eda.<\/span><\/p>\t\t\t\t\t\t\t\t<\/div>\n\t\t\t\t<\/div>\n\t\t\t\t\t<\/div>\n\t\t<\/div>\n\t\t\t\t<div class=\"elementor-column elementor-col-50 elementor-inner-column elementor-element elementor-element-3b6db53 elementor-invisible\" data-id=\"3b6db53\" data-element_type=\"column\" data-e-type=\"column\" data-settings=\"{&quot;background_background&quot;:&quot;classic&quot;,&quot;animation&quot;:&quot;fadeIn&quot;}\">\n\t\t\t<div class=\"elementor-widget-wrap elementor-element-populated\">\n\t\t\t\t\t\t<div class=\"elementor-element elementor-element-5a52afa elementor-widget elementor-widget-image\" data-id=\"5a52afa\" data-element_type=\"widget\" data-e-type=\"widget\" data-widget_type=\"image.default\">\n\t\t\t\t<div class=\"elementor-widget-container\">\n\t\t\t\t\t\t\t\t\t\t\t\t<figure class=\"wp-caption\">\n\t\t\t\t\t\t\t\t\t\t\t<a href=\"https:\/\/angelfacio.com\/wp-content\/uploads\/2020\/06\/15-Fuente-Ovejuna-Resad.jpg\" data-elementor-open-lightbox=\"yes\" data-elementor-lightbox-title=\"Promoci\u00f3n de 2001 de la E.S.A.D. de Murcia en\u00a0&quot;Fuente Ovejuna&quot;. Festival de Almagro.\" data-e-action-hash=\"#elementor-action%3Aaction%3Dlightbox%26settings%3DeyJpZCI6MzgwLCJ1cmwiOiJodHRwczpcL1wvYW5nZWxmYWNpby5jb21cL3dwLWNvbnRlbnRcL3VwbG9hZHNcLzIwMjBcLzA2XC8xNS1GdWVudGUtT3ZlanVuYS1SZXNhZC5qcGcifQ%3D%3D\">\n\t\t\t\t\t\t\t<img decoding=\"async\" width=\"300\" height=\"208\" data-src=\"https:\/\/angelfacio.com\/wp-content\/uploads\/2020\/06\/15-Fuente-Ovejuna-Resad-300x208.jpg\" class=\"attachment-medium size-medium wp-image-380 lazyload\" alt=\"\" data-srcset=\"https:\/\/angelfacio.com\/wp-content\/uploads\/2020\/06\/15-Fuente-Ovejuna-Resad-300x208.jpg 300w, https:\/\/angelfacio.com\/wp-content\/uploads\/2020\/06\/15-Fuente-Ovejuna-Resad-1024x709.jpg 1024w, https:\/\/angelfacio.com\/wp-content\/uploads\/2020\/06\/15-Fuente-Ovejuna-Resad-768x532.jpg 768w, https:\/\/angelfacio.com\/wp-content\/uploads\/2020\/06\/15-Fuente-Ovejuna-Resad.jpg 1437w\" data-sizes=\"(max-width: 300px) 100vw, 300px\" src=\"data:image\/svg+xml;base64,PHN2ZyB3aWR0aD0iMSIgaGVpZ2h0PSIxIiB4bWxucz0iaHR0cDovL3d3dy53My5vcmcvMjAwMC9zdmciPjwvc3ZnPg==\" style=\"--smush-placeholder-width: 300px; --smush-placeholder-aspect-ratio: 300\/208;\" \/>\t\t\t\t\t\t\t\t<\/a>\n\t\t\t\t\t\t\t\t\t\t\t<figcaption class=\"widget-image-caption wp-caption-text\">Promoci\u00f3n de 2001 de la E.S.A.D. de Murcia<br \/>en\u00a0\"Fuente Ovejuna\". Festival de Almagro.<\/figcaption>\n\t\t\t\t\t\t\t\t\t\t<\/figure>\n\t\t\t\t\t\t\t\t\t<\/div>\n\t\t\t\t<\/div>\n\t\t\t\t\t<\/div>\n\t\t<\/div>\n\t\t\t\t\t<\/div>\n\t\t<\/section>\n\t\t\t\t<section class=\"elementor-section elementor-inner-section elementor-element elementor-element-d9b5971 elementor-section-boxed elementor-section-height-default elementor-section-height-default\" data-id=\"d9b5971\" data-element_type=\"section\" data-e-type=\"section\">\n\t\t\t\t\t\t<div class=\"elementor-container elementor-column-gap-default\">\n\t\t\t\t\t<div class=\"elementor-column elementor-col-50 elementor-inner-column elementor-element elementor-element-2a9bfc2\" data-id=\"2a9bfc2\" data-element_type=\"column\" data-e-type=\"column\">\n\t\t\t<div class=\"elementor-widget-wrap elementor-element-populated\">\n\t\t\t\t\t\t<div class=\"elementor-element elementor-element-6e00a93 elementor-widget elementor-widget-text-editor\" data-id=\"6e00a93\" data-element_type=\"widget\" data-e-type=\"widget\" data-widget_type=\"text-editor.default\">\n\t\t\t\t<div class=\"elementor-widget-container\">\n\t\t\t\t\t\t\t\t\t<p><span lang=\"es-CO\">La fortuna y el reconocimiento amistoso de Mario Gas, me llevo a parir de nuevo en el teatro con m\u00e1s cach\u00e9 de mi pueblo, El Espa\u00f1ol. All\u00ed vieron las luces\u00a0<\/span><strong><em><span lang=\"es-CO\">Romance de Lobos<\/span><\/em><\/strong><span lang=\"es-CO\">, un\u00a0<\/span><span lang=\"es-CO\">Homenaje a Miguel Mihura<\/span><span lang=\"es-CO\">,\u00a0<\/span><span lang=\"es-CO\"><strong><em>Desventuras conyugales<\/em><\/strong> de Bartolom\u00e9 Morales<\/span><span lang=\"es-CO\">, de Ruzante<\/span><span lang=\"es-CO\">, <strong><em>Los cuernos de Don Friolera<\/em><\/strong><\/span><span lang=\"es-CO\">,\u00a0<\/span><strong><em><span lang=\"es-CO\">El Balc\u00f3n<\/span><\/em><\/strong><span lang=\"es-CO\">\u00a0y\u00a0<\/span><strong><em><span lang=\"es-CO\">Mosc\u00fa Cercan\u00edas<\/span><\/em><\/strong><span lang=\"es-CO\">.<\/span><\/p><p>Ahora solo me queda un Shakespeare por hacer&#8230; No s\u00e9 si ser\u00e9 capaz, pero ya tengo poco tiempo, las versiones est\u00e1n listas, y no me conformo con menos.<\/p><p lang=\"fr-FR\">Espero que con\u00a0<span style=\"color: #ff3030;\"><strong><a style=\"color: #ff3030;\" href=\"https:\/\/losgoliardos.com\/\" target=\"_blank\" rel=\"noopener\">Fundaci\u00f3n Los Goliardos<\/a><\/strong><\/span>\u00a0lo consigamos.<\/p>\t\t\t\t\t\t\t\t<\/div>\n\t\t\t\t<\/div>\n\t\t\t\t<div class=\"elementor-element elementor-element-f95f0ca elementor-widget elementor-widget-spacer\" data-id=\"f95f0ca\" data-element_type=\"widget\" data-e-type=\"widget\" data-widget_type=\"spacer.default\">\n\t\t\t\t<div class=\"elementor-widget-container\">\n\t\t\t\t\t\t\t<div class=\"elementor-spacer\">\n\t\t\t<div class=\"elementor-spacer-inner\"><\/div>\n\t\t<\/div>\n\t\t\t\t\t\t<\/div>\n\t\t\t\t<\/div>\n\t\t\t\t\t<\/div>\n\t\t<\/div>\n\t\t\t\t<div class=\"elementor-column elementor-col-50 elementor-inner-column elementor-element elementor-element-04cd768 elementor-invisible\" data-id=\"04cd768\" data-element_type=\"column\" data-e-type=\"column\" data-settings=\"{&quot;background_background&quot;:&quot;classic&quot;,&quot;animation&quot;:&quot;fadeIn&quot;}\">\n\t\t\t<div class=\"elementor-widget-wrap elementor-element-populated\">\n\t\t\t\t\t\t<div class=\"elementor-element elementor-element-6c88e61 elementor-absolute elementor-arrows-position-inside elementor-pagination-position-outside elementor-widget elementor-widget-image-carousel\" data-id=\"6c88e61\" data-element_type=\"widget\" data-e-type=\"widget\" data-settings=\"{&quot;slides_to_show&quot;:&quot;1&quot;,&quot;effect&quot;:&quot;fade&quot;,&quot;_position&quot;:&quot;absolute&quot;,&quot;navigation&quot;:&quot;both&quot;,&quot;autoplay&quot;:&quot;yes&quot;,&quot;pause_on_hover&quot;:&quot;yes&quot;,&quot;pause_on_interaction&quot;:&quot;yes&quot;,&quot;autoplay_speed&quot;:5000,&quot;infinite&quot;:&quot;yes&quot;,&quot;speed&quot;:500}\" data-widget_type=\"image-carousel.default\">\n\t\t\t\t<div class=\"elementor-widget-container\">\n\t\t\t\t\t\t\t<div class=\"elementor-image-carousel-wrapper swiper\" role=\"region\" aria-roledescription=\"carousel\" aria-label=\"Carrusel de im\u00e1genes\" dir=\"ltr\">\n\t\t\t<div class=\"elementor-image-carousel swiper-wrapper\" aria-live=\"off\">\n\t\t\t\t\t\t\t\t<div class=\"swiper-slide\" role=\"group\" aria-roledescription=\"slide\" aria-label=\"1 de 4\"><a data-elementor-open-lightbox=\"yes\" data-elementor-lightbox-slideshow=\"6c88e61\" data-elementor-lightbox-title=\"&quot;Romance de Lobos&quot;. Teatro Espa\u00f1ol Madrid\" data-e-action-hash=\"#elementor-action%3Aaction%3Dlightbox%26settings%3DeyJpZCI6Mzc5LCJ1cmwiOiJodHRwczpcL1wvYW5nZWxmYWNpby5jb21cL3dwLWNvbnRlbnRcL3VwbG9hZHNcLzIwMjBcLzA2XC8xNi1Sb21hbmNlLWRlLWxvYm9zLmpwZyIsInNsaWRlc2hvdyI6IjZjODhlNjEifQ%3D%3D\" href=\"https:\/\/angelfacio.com\/wp-content\/uploads\/2020\/06\/16-Romance-de-lobos.jpg\"><figure class=\"swiper-slide-inner\"><img decoding=\"async\" class=\"swiper-slide-image lazyload\" data-src=\"https:\/\/angelfacio.com\/wp-content\/uploads\/elementor\/thumbs\/16-Romance-de-lobos-qukv7hvnp90gjq37dn5aa49vak08j9ry5e3qf6s0bk.jpg\" alt=\"&quot;Romance de Lobos&quot;.Teatro Espa\u00f1ol Madrid\" src=\"data:image\/svg+xml;base64,PHN2ZyB3aWR0aD0iMSIgaGVpZ2h0PSIxIiB4bWxucz0iaHR0cDovL3d3dy53My5vcmcvMjAwMC9zdmciPjwvc3ZnPg==\" style=\"--smush-placeholder-width: 300px; --smush-placeholder-aspect-ratio: 300\/400;\" \/><figcaption class=\"elementor-image-carousel-caption\">\"Romance de Lobos\".<br \/>Teatro Espa\u00f1ol Madrid<\/figcaption><\/figure><\/a><\/div><div class=\"swiper-slide\" role=\"group\" aria-roledescription=\"slide\" aria-label=\"2 de 4\"><a data-elementor-open-lightbox=\"yes\" data-elementor-lightbox-slideshow=\"6c88e61\" data-elementor-lightbox-title=\"Jos\u00e9 Monle\u00f3n y Manolo Galiana en\u00a0&quot;Homenaje a Mihura&quot;. Teatro Espa\u00f1ol, Madrid.\" data-e-action-hash=\"#elementor-action%3Aaction%3Dlightbox%26settings%3DeyJpZCI6Mzc4LCJ1cmwiOiJodHRwczpcL1wvYW5nZWxmYWNpby5jb21cL3dwLWNvbnRlbnRcL3VwbG9hZHNcLzIwMjBcLzA2XC8xNy1Ib21lbmFqZS1hLU1paHVyYS5qcGciLCJzbGlkZXNob3ciOiI2Yzg4ZTYxIn0%3D\" href=\"https:\/\/angelfacio.com\/wp-content\/uploads\/2020\/06\/17-Homenaje-a-Mihura.jpg\"><figure class=\"swiper-slide-inner\"><img decoding=\"async\" class=\"swiper-slide-image lazyload\" data-src=\"https:\/\/angelfacio.com\/wp-content\/uploads\/elementor\/thumbs\/17-Homenaje-a-Mihura-qukv7ithw31qvc1u85jwum1bvxvlqyvohir7wgqm5c.jpg\" alt=\"Jos\u00e9 Monle\u00f3n y Manolo Galiana en\u00a0&quot;Homenaje a Mihura&quot;. Teatro\nEspa\u00f1ol, Madrid.\" src=\"data:image\/svg+xml;base64,PHN2ZyB3aWR0aD0iMSIgaGVpZ2h0PSIxIiB4bWxucz0iaHR0cDovL3d3dy53My5vcmcvMjAwMC9zdmciPjwvc3ZnPg==\" style=\"--smush-placeholder-width: 300px; --smush-placeholder-aspect-ratio: 300\/400;\" \/><figcaption class=\"elementor-image-carousel-caption\">Jos\u00e9 Monle\u00f3n y Manolo Galiana <br \/>en\u00a0\"Homenaje a Mihura\". Teatro\nEspa\u00f1ol, Madrid.<\/figcaption><\/figure><\/a><\/div><div class=\"swiper-slide\" role=\"group\" aria-roledescription=\"slide\" aria-label=\"3 de 4\"><a data-elementor-open-lightbox=\"yes\" data-elementor-lightbox-slideshow=\"6c88e61\" data-elementor-lightbox-title=\"Yolanda Ulloa en &quot;El Balc\u00f3n&quot;. Teatro Espa\u00f1ol, Sala Matadero. Madrid\" data-e-action-hash=\"#elementor-action%3Aaction%3Dlightbox%26settings%3DeyJpZCI6Mzc3LCJ1cmwiOiJodHRwczpcL1wvYW5nZWxmYWNpby5jb21cL3dwLWNvbnRlbnRcL3VwbG9hZHNcLzIwMjBcLzA2XC8xOC1FbC1CYWxjb24uanBnIiwic2xpZGVzaG93IjoiNmM4OGU2MSJ9\" href=\"https:\/\/angelfacio.com\/wp-content\/uploads\/2020\/06\/18-El-Balcon.jpg\"><figure class=\"swiper-slide-inner\"><img decoding=\"async\" class=\"swiper-slide-image lazyload\" data-src=\"https:\/\/angelfacio.com\/wp-content\/uploads\/elementor\/thumbs\/18-El-Balcon-qukv7ithw31qvc1u85jwum1bvxvlqyvohir7wgqm5c.jpg\" alt=\"Yolanda Ulloa en &quot;El Balc\u00f3n&quot;.Teatro Espa\u00f1ol, Sala Matadero. Madrid\" src=\"data:image\/svg+xml;base64,PHN2ZyB3aWR0aD0iMSIgaGVpZ2h0PSIxIiB4bWxucz0iaHR0cDovL3d3dy53My5vcmcvMjAwMC9zdmciPjwvc3ZnPg==\" style=\"--smush-placeholder-width: 300px; --smush-placeholder-aspect-ratio: 300\/400;\" \/><figcaption class=\"elementor-image-carousel-caption\">Yolanda Ulloa en \"El Balc\u00f3n\".<br \/>Teatro Espa\u00f1ol, Sala Matadero. Madrid<\/figcaption><\/figure><\/a><\/div><div class=\"swiper-slide\" role=\"group\" aria-roledescription=\"slide\" aria-label=\"4 de 4\"><a data-elementor-open-lightbox=\"yes\" data-elementor-lightbox-slideshow=\"6c88e61\" data-elementor-lightbox-title=\"Rafa N\u00fa\u00f1ez y Tet\u00e9 Delgado en\u00a0&quot;Los Cuernos de Don Friolera&quot;. Teatro Espa\u00f1ol, Madrid.\" data-e-action-hash=\"#elementor-action%3Aaction%3Dlightbox%26settings%3DeyJpZCI6Mzc2LCJ1cmwiOiJodHRwczpcL1wvYW5nZWxmYWNpby5jb21cL3dwLWNvbnRlbnRcL3VwbG9hZHNcLzIwMjBcLzA2XC8xOS1Mb3MtY3Vlcm5vcy1kZS1Eb24tRnJpb2xlcmEuanBnIiwic2xpZGVzaG93IjoiNmM4OGU2MSJ9\" href=\"https:\/\/angelfacio.com\/wp-content\/uploads\/2020\/06\/19-Los-cuernos-de-Don-Friolera.jpg\"><figure class=\"swiper-slide-inner\"><img decoding=\"async\" class=\"swiper-slide-image lazyload\" data-src=\"https:\/\/angelfacio.com\/wp-content\/uploads\/elementor\/thumbs\/19-Los-cuernos-de-Don-Friolera-qukv7ithw31qvc1u85jwum1bvxvlqyvohir7wgqm5c.jpg\" alt=\"Rafa N\u00fa\u00f1ez y Tet\u00e9 Delgado en\u00a0&quot;Los Cuernos de Don Friolera&quot;.Teatro Espa\u00f1ol, Madrid.\" src=\"data:image\/svg+xml;base64,PHN2ZyB3aWR0aD0iMSIgaGVpZ2h0PSIxIiB4bWxucz0iaHR0cDovL3d3dy53My5vcmcvMjAwMC9zdmciPjwvc3ZnPg==\" style=\"--smush-placeholder-width: 300px; --smush-placeholder-aspect-ratio: 300\/400;\" \/><figcaption class=\"elementor-image-carousel-caption\">Rafa N\u00fa\u00f1ez y Tet\u00e9 Delgado en\u00a0\"Los Cuernos de Don Friolera\".<br \/>Teatro Espa\u00f1ol, Madrid.<\/figcaption><\/figure><\/a><\/div>\t\t\t<\/div>\n\t\t\t\t\t\t\t\t\t\t\t\t<div class=\"elementor-swiper-button elementor-swiper-button-prev\" role=\"button\" tabindex=\"0\">\n\t\t\t\t\t\t<i aria-hidden=\"true\" class=\"eicon-chevron-left\"><\/i>\t\t\t\t\t<\/div>\n\t\t\t\t\t<div class=\"elementor-swiper-button elementor-swiper-button-next\" role=\"button\" tabindex=\"0\">\n\t\t\t\t\t\t<i aria-hidden=\"true\" class=\"eicon-chevron-right\"><\/i>\t\t\t\t\t<\/div>\n\t\t\t\t\n\t\t\t\t\t\t\t\t\t<div class=\"swiper-pagination\"><\/div>\n\t\t\t\t\t\t\t\t\t<\/div>\n\t\t\t\t\t\t<\/div>\n\t\t\t\t<\/div>\n\t\t\t\t\t<\/div>\n\t\t<\/div>\n\t\t\t\t\t<\/div>\n\t\t<\/section>\n\t\t\t\t\t<\/div>\n\t\t<\/div>\n\t\t\t\t\t<\/div>\n\t\t<\/section>\n\t\t\t\t<\/div>\n\t\t","protected":false},"excerpt":{"rendered":"<p>\u00bfQui\u00e9n soy? Pude haber sido gurriato pues me engendraron en El Escorial en la primavera del 37. Pero me nacieron en Madrid un 20 de abril de 1938 en plena guerra incivil. Un a\u00f1o m\u00e1s tarde mi padre quien ejerc\u00eda como m\u00e9dico militar fue a dar con sus huesos en el campo de concentraci\u00f3n de [&hellip;]<\/p>\n","protected":false},"author":1,"featured_media":0,"parent":0,"menu_order":0,"comment_status":"closed","ping_status":"closed","template":"elementor_canvas","meta":{"footnotes":""},"class_list":["post-11","page","type-page","status-publish","hentry"],"yoast_head":"<!-- This site is optimized with the Yoast SEO plugin v25.6 - https:\/\/yoast.com\/wordpress\/plugins\/seo\/ -->\n<title>\u00bfQui\u00e9n Soy? - \u00c1ngel Facio<\/title>\n<meta name=\"robots\" content=\"index, follow, max-snippet:-1, max-image-preview:large, max-video-preview:-1\" \/>\n<link rel=\"canonical\" href=\"https:\/\/angelfacio.com\/index.php\/quien-soy\/\" \/>\n<meta property=\"og:locale\" content=\"es_ES\" \/>\n<meta property=\"og:type\" content=\"article\" \/>\n<meta property=\"og:title\" content=\"\u00bfQui\u00e9n Soy? - \u00c1ngel Facio\" \/>\n<meta property=\"og:description\" content=\"\u00bfQui\u00e9n soy? Pude haber sido gurriato pues me engendraron en El Escorial en la primavera del 37. Pero me nacieron en Madrid un 20 de abril de 1938 en plena guerra incivil. Un a\u00f1o m\u00e1s tarde mi padre quien ejerc\u00eda como m\u00e9dico militar fue a dar con sus huesos en el campo de concentraci\u00f3n de [&hellip;]\" \/>\n<meta property=\"og:url\" content=\"https:\/\/angelfacio.com\/index.php\/quien-soy\/\" \/>\n<meta property=\"og:site_name\" content=\"\u00c1ngel Facio\" \/>\n<meta property=\"article:modified_time\" content=\"2022-05-11T20:49:23+00:00\" \/>\n<meta property=\"og:image\" content=\"https:\/\/angelfacio.com\/wp-content\/uploads\/elementor\/thumbs\/A-mis-dos-Angeles-1-oun5ct2fl1pgzifq5xplnbr7wx4di3qemvdrqz4rnk.jpg\" \/>\n<meta name=\"twitter:card\" content=\"summary_large_image\" \/>\n<meta name=\"twitter:label1\" content=\"Tiempo de lectura\" \/>\n\t<meta name=\"twitter:data1\" content=\"1 minuto\" \/>\n<script type=\"application\/ld+json\" class=\"yoast-schema-graph\">{\"@context\":\"https:\/\/schema.org\",\"@graph\":[{\"@type\":\"WebPage\",\"@id\":\"https:\/\/angelfacio.com\/index.php\/quien-soy\/\",\"url\":\"https:\/\/angelfacio.com\/index.php\/quien-soy\/\",\"name\":\"\u00bfQui\u00e9n Soy? - \u00c1ngel Facio\",\"isPartOf\":{\"@id\":\"https:\/\/angelfacio.com\/#website\"},\"primaryImageOfPage\":{\"@id\":\"https:\/\/angelfacio.com\/index.php\/quien-soy\/#primaryimage\"},\"image\":{\"@id\":\"https:\/\/angelfacio.com\/index.php\/quien-soy\/#primaryimage\"},\"thumbnailUrl\":\"https:\/\/angelfacio.com\/wp-content\/uploads\/elementor\/thumbs\/A-mis-dos-Angeles-1-oun5ct2fl1pgzifq5xplnbr7wx4di3qemvdrqz4rnk.jpg\",\"datePublished\":\"2020-06-13T15:33:41+00:00\",\"dateModified\":\"2022-05-11T20:49:23+00:00\",\"breadcrumb\":{\"@id\":\"https:\/\/angelfacio.com\/index.php\/quien-soy\/#breadcrumb\"},\"inLanguage\":\"es\",\"potentialAction\":[{\"@type\":\"ReadAction\",\"target\":[\"https:\/\/angelfacio.com\/index.php\/quien-soy\/\"]}]},{\"@type\":\"ImageObject\",\"inLanguage\":\"es\",\"@id\":\"https:\/\/angelfacio.com\/index.php\/quien-soy\/#primaryimage\",\"url\":\"https:\/\/angelfacio.com\/wp-content\/uploads\/elementor\/thumbs\/A-mis-dos-Angeles-1-oun5ct2fl1pgzifq5xplnbr7wx4di3qemvdrqz4rnk.jpg\",\"contentUrl\":\"https:\/\/angelfacio.com\/wp-content\/uploads\/elementor\/thumbs\/A-mis-dos-Angeles-1-oun5ct2fl1pgzifq5xplnbr7wx4di3qemvdrqz4rnk.jpg\"},{\"@type\":\"BreadcrumbList\",\"@id\":\"https:\/\/angelfacio.com\/index.php\/quien-soy\/#breadcrumb\",\"itemListElement\":[{\"@type\":\"ListItem\",\"position\":1,\"name\":\"Portada\",\"item\":\"https:\/\/angelfacio.com\/\"},{\"@type\":\"ListItem\",\"position\":2,\"name\":\"\u00bfQui\u00e9n Soy?\"}]},{\"@type\":\"WebSite\",\"@id\":\"https:\/\/angelfacio.com\/#website\",\"url\":\"https:\/\/angelfacio.com\/\",\"name\":\"\u00c1ngel Facio\",\"description\":\"Dramaturgo y Director Esc\u00e9nico\",\"potentialAction\":[{\"@type\":\"SearchAction\",\"target\":{\"@type\":\"EntryPoint\",\"urlTemplate\":\"https:\/\/angelfacio.com\/?s={search_term_string}\"},\"query-input\":{\"@type\":\"PropertyValueSpecification\",\"valueRequired\":true,\"valueName\":\"search_term_string\"}}],\"inLanguage\":\"es\"}]}<\/script>\n<!-- \/ Yoast SEO plugin. -->","yoast_head_json":{"title":"\u00bfQui\u00e9n Soy? - \u00c1ngel Facio","robots":{"index":"index","follow":"follow","max-snippet":"max-snippet:-1","max-image-preview":"max-image-preview:large","max-video-preview":"max-video-preview:-1"},"canonical":"https:\/\/angelfacio.com\/index.php\/quien-soy\/","og_locale":"es_ES","og_type":"article","og_title":"\u00bfQui\u00e9n Soy? - \u00c1ngel Facio","og_description":"\u00bfQui\u00e9n soy? Pude haber sido gurriato pues me engendraron en El Escorial en la primavera del 37. Pero me nacieron en Madrid un 20 de abril de 1938 en plena guerra incivil. Un a\u00f1o m\u00e1s tarde mi padre quien ejerc\u00eda como m\u00e9dico militar fue a dar con sus huesos en el campo de concentraci\u00f3n de [&hellip;]","og_url":"https:\/\/angelfacio.com\/index.php\/quien-soy\/","og_site_name":"\u00c1ngel Facio","article_modified_time":"2022-05-11T20:49:23+00:00","og_image":[{"url":"https:\/\/angelfacio.com\/wp-content\/uploads\/elementor\/thumbs\/A-mis-dos-Angeles-1-oun5ct2fl1pgzifq5xplnbr7wx4di3qemvdrqz4rnk.jpg","type":"","width":"","height":""}],"twitter_card":"summary_large_image","twitter_misc":{"Tiempo de lectura":"1 minuto"},"schema":{"@context":"https:\/\/schema.org","@graph":[{"@type":"WebPage","@id":"https:\/\/angelfacio.com\/index.php\/quien-soy\/","url":"https:\/\/angelfacio.com\/index.php\/quien-soy\/","name":"\u00bfQui\u00e9n Soy? - \u00c1ngel Facio","isPartOf":{"@id":"https:\/\/angelfacio.com\/#website"},"primaryImageOfPage":{"@id":"https:\/\/angelfacio.com\/index.php\/quien-soy\/#primaryimage"},"image":{"@id":"https:\/\/angelfacio.com\/index.php\/quien-soy\/#primaryimage"},"thumbnailUrl":"https:\/\/angelfacio.com\/wp-content\/uploads\/elementor\/thumbs\/A-mis-dos-Angeles-1-oun5ct2fl1pgzifq5xplnbr7wx4di3qemvdrqz4rnk.jpg","datePublished":"2020-06-13T15:33:41+00:00","dateModified":"2022-05-11T20:49:23+00:00","breadcrumb":{"@id":"https:\/\/angelfacio.com\/index.php\/quien-soy\/#breadcrumb"},"inLanguage":"es","potentialAction":[{"@type":"ReadAction","target":["https:\/\/angelfacio.com\/index.php\/quien-soy\/"]}]},{"@type":"ImageObject","inLanguage":"es","@id":"https:\/\/angelfacio.com\/index.php\/quien-soy\/#primaryimage","url":"https:\/\/angelfacio.com\/wp-content\/uploads\/elementor\/thumbs\/A-mis-dos-Angeles-1-oun5ct2fl1pgzifq5xplnbr7wx4di3qemvdrqz4rnk.jpg","contentUrl":"https:\/\/angelfacio.com\/wp-content\/uploads\/elementor\/thumbs\/A-mis-dos-Angeles-1-oun5ct2fl1pgzifq5xplnbr7wx4di3qemvdrqz4rnk.jpg"},{"@type":"BreadcrumbList","@id":"https:\/\/angelfacio.com\/index.php\/quien-soy\/#breadcrumb","itemListElement":[{"@type":"ListItem","position":1,"name":"Portada","item":"https:\/\/angelfacio.com\/"},{"@type":"ListItem","position":2,"name":"\u00bfQui\u00e9n Soy?"}]},{"@type":"WebSite","@id":"https:\/\/angelfacio.com\/#website","url":"https:\/\/angelfacio.com\/","name":"\u00c1ngel Facio","description":"Dramaturgo y Director Esc\u00e9nico","potentialAction":[{"@type":"SearchAction","target":{"@type":"EntryPoint","urlTemplate":"https:\/\/angelfacio.com\/?s={search_term_string}"},"query-input":{"@type":"PropertyValueSpecification","valueRequired":true,"valueName":"search_term_string"}}],"inLanguage":"es"}]}},"_links":{"self":[{"href":"https:\/\/angelfacio.com\/index.php\/wp-json\/wp\/v2\/pages\/11"}],"collection":[{"href":"https:\/\/angelfacio.com\/index.php\/wp-json\/wp\/v2\/pages"}],"about":[{"href":"https:\/\/angelfacio.com\/index.php\/wp-json\/wp\/v2\/types\/page"}],"author":[{"embeddable":true,"href":"https:\/\/angelfacio.com\/index.php\/wp-json\/wp\/v2\/users\/1"}],"replies":[{"embeddable":true,"href":"https:\/\/angelfacio.com\/index.php\/wp-json\/wp\/v2\/comments?post=11"}],"version-history":[{"count":227,"href":"https:\/\/angelfacio.com\/index.php\/wp-json\/wp\/v2\/pages\/11\/revisions"}],"predecessor-version":[{"id":7760,"href":"https:\/\/angelfacio.com\/index.php\/wp-json\/wp\/v2\/pages\/11\/revisions\/7760"}],"wp:attachment":[{"href":"https:\/\/angelfacio.com\/index.php\/wp-json\/wp\/v2\/media?parent=11"}],"curies":[{"name":"wp","href":"https:\/\/api.w.org\/{rel}","templated":true}]}}