{"id":337,"date":"2020-06-27T19:53:42","date_gmt":"2020-06-27T17:53:42","guid":{"rendered":"http:\/\/angelfacio.com\/?page_id=337"},"modified":"2020-11-20T18:05:14","modified_gmt":"2020-11-20T17:05:14","slug":"festivales","status":"publish","type":"page","link":"https:\/\/angelfacio.com\/index.php\/festivales\/","title":{"rendered":"Festivales"},"content":{"rendered":"\t\t<div data-elementor-type=\"wp-page\" data-elementor-id=\"337\" class=\"elementor elementor-337\">\n\t\t\t\t\t\t<section class=\"elementor-section elementor-top-section elementor-element elementor-element-28ff1847 elementor-section-boxed elementor-section-height-default elementor-section-height-default\" data-id=\"28ff1847\" data-element_type=\"section\" data-e-type=\"section\">\n\t\t\t\t\t\t<div class=\"elementor-container elementor-column-gap-default\">\n\t\t\t\t\t<div class=\"elementor-column elementor-col-100 elementor-top-column elementor-element elementor-element-28910f27\" data-id=\"28910f27\" data-element_type=\"column\" data-e-type=\"column\">\n\t\t\t<div class=\"elementor-widget-wrap elementor-element-populated\">\n\t\t\t\t\t\t<div class=\"elementor-element elementor-element-c7b1902 elementor-widget elementor-widget-heading\" data-id=\"c7b1902\" data-element_type=\"widget\" data-e-type=\"widget\" data-widget_type=\"heading.default\">\n\t\t\t\t<div class=\"elementor-widget-container\">\n\t\t\t\t\t<h2 class=\"elementor-heading-title elementor-size-default\">Festivales<\/h2>\t\t\t\t<\/div>\n\t\t\t\t<\/div>\n\t\t\t\t\t<\/div>\n\t\t<\/div>\n\t\t\t\t\t<\/div>\n\t\t<\/section>\n\t\t\t\t<section class=\"elementor-section elementor-top-section elementor-element elementor-element-7d188074 elementor-section-height-min-height elementor-section-boxed elementor-section-height-default elementor-section-items-middle\" data-id=\"7d188074\" data-element_type=\"section\" data-e-type=\"section\">\n\t\t\t\t\t\t<div class=\"elementor-container elementor-column-gap-default\">\n\t\t\t\t\t<div class=\"elementor-column elementor-col-100 elementor-top-column elementor-element elementor-element-7713b04d\" data-id=\"7713b04d\" data-element_type=\"column\" data-e-type=\"column\">\n\t\t\t<div class=\"elementor-widget-wrap elementor-element-populated\">\n\t\t\t\t\t\t<div class=\"elementor-element elementor-element-4f710788 elementor-widget elementor-widget-text-editor\" data-id=\"4f710788\" data-element_type=\"widget\" data-e-type=\"widget\" data-widget_type=\"text-editor.default\">\n\t\t\t\t<div class=\"elementor-widget-container\">\n\t\t\t\t\t\t\t\t\t<ul>\n<li><em><strong>IV Festival Mondial du Th\u00e9\u00e2tre Universitaire. <\/strong><\/em>Nancy, Francia. 1966. Espect\u00e1culo presentado: <em>Ceremonia por un negro asesinado<\/em>.<\/li>\n<li><em><strong>XVI Festival Internazionale del Teatro Universitario<\/strong><\/em>. Parma, Italia. 1967. Espect\u00e1culo presentado:<em> La noche de los asesinos<\/em>.<\/li>\n<li><em><strong>XI Ciclo de Teatro Latino. Barcelona, 1968<\/strong><\/em>. Espect\u00e1culo presentado: <em>Historias de Juan de Buenalma<\/em>.<\/li>\n<li><em><strong>VIII Internacionalni Festival Studentskih Kazalista<\/strong><\/em>. Zagreb, Yugoslavia. 1968. Espect\u00e1culo presentado: <em>Historias de Juan de Buenalma<\/em>.<\/li>\n<li><em><strong>I Festival Internacional de Teatro Independiente<\/strong><\/em>. San Sebasti\u00e1n. 1970. Coordinador de la Secretar\u00eda T\u00e9cnica.<\/li>\n<li><em><strong>Rasegna Internazionale de la Prosa<\/strong><\/em>. Roma, Italia. 1972. Espect\u00e1culo presentado: <em>A casa de Bernarda Alba<\/em>.<\/li>\n<li><em><strong>VI Beogradski Internacionalni Teatarski Festival. <\/strong><\/em>Belgrado, Yugoslavia. 1972. Espect\u00e1culo presentado: <em>A casa de Bernarda Alba<\/em>.<\/li>\n<li><em><strong>XII Internacionalni Festival Studentskih Kazalista<\/strong><\/em>. Zagreb, Yugoslavia. 1972. Espect\u00e1culo presentado: <em>A casa de Bernarda Alba<\/em>.<\/li>\n<li><em><strong>VI Festival Internazionale del Teatro Esperimentale<\/strong><\/em>. L&#8217;Aquila, Italia. 1976. Espect\u00e1culo presentado: <em>A noite dos assassinos<\/em>.<\/li>\n<li><em><strong>XII Festival Mondial de Th\u00e9\u00e2tre<\/strong><\/em>. Nancy, Francia. 1977. Espect\u00e1culo presentado: <em>La casa de Bernarda Alba<\/em>.<\/li>\n<li><em><strong>GREC 81. <\/strong><\/em>Barcelona, 1981. Espect\u00e1culo presentado: <em>La Celestina.<\/em><\/li>\n<li><em><strong>IX Festival Internacional de Expressao Iberica<\/strong><\/em>. Oporto. 1986. Presidente de honor.<\/li>\n<li><em><strong>I Festival de Tardor<\/strong><\/em>. Barcelona, 1989. Espect\u00e1culo presentado: <em>A puerta cerrada<\/em>.<\/li>\n<li><em><strong>GREC 90. <\/strong><\/em>Barcelona, 1990. Espect\u00e1culo presentado: <em>Ella<\/em>.<\/li>\n<li><em><strong>III Festival de Tardor<\/strong><\/em>. Barcelona, 1991. Espect\u00e1culo presentado: <em>Don Juan Tenorio<\/em>.<\/li>\n<li><em><strong>VIII Festival de Oto\u00f1o. Madrid, 1991<\/strong><\/em>. Espect\u00e1culo presentado: <em>Don Juan Tenorio<\/em>.<\/li>\n<li><em><b>XIX Festival Internacional de Expressao Ib\u00e9rica. <\/b><\/em>Oporto, 1996. <br>Espect\u00e1culo presentado: <em>Desventuras conyugales de Bartolom\u00e9 Morales<\/em>.<\/li>\n<li><em><strong>XX Festival de Teatro Cl\u00e1sico de Almagro<\/strong><\/em>. Almagro, 1997. <br>Espect\u00e1culo presentado: <em>Desventuras conyugales de Bartolom\u00e9 Morales<\/em>.<\/li>\n<li><em><strong>VIII Festival de Teatro Cl\u00e1sico de C\u00e1ceres<\/strong><\/em>. C\u00e1ceres, 1997. <br>Espect\u00e1culo presentado: <em>Desventuras conyugales de Bartolom\u00e9 Morales<\/em>.<\/li>\n<li><em><strong>Festival de Teatro da Covilh\u00e2. Covilh\u00e2, 1998<\/strong><\/em>. Espect\u00e1culo presentado: <em>La noche de los asesinos<\/em>.<\/li>\n<li><em><strong>XII Festival de Teatro Cl\u00e1sico de C\u00e1ceres<\/strong><\/em>. C\u00e1ceres, 2001. Espect\u00e1culo presentado: <em>Fuente Ovejuna<\/em>.<\/li>\n<li><em><strong>XXIV Festival Internacional de Teatro Cl\u00e1sico de Almagro<\/strong><\/em>. Almagro, 2001. Espect\u00e1culo presentado: <em>Fuente Ovejuna<\/em>.<\/li>\n<li><em><strong>XVII Festival Internacional de Teatro Cl\u00e1sico de Alc\u00e1ntara<\/strong><\/em>. Alc\u00e1ntara, 2001. Espect\u00e1culo pre- sentado: <em>Fuente Ovejuna<\/em>.<\/li>\n<li><em><strong>XXXII Festival Internacional de Teatro, M\u00fasica y Danza de San Javier<\/strong><\/em>. San Javier, 2001. Espect\u00e1culo presentado: F<em>uente Ovejuna<\/em>.<\/li>\n<\/ul>\t\t\t\t\t\t\t\t<\/div>\n\t\t\t\t<\/div>\n\t\t\t\t\t<\/div>\n\t\t<\/div>\n\t\t\t\t\t<\/div>\n\t\t<\/section>\n\t\t\t\t<section class=\"elementor-section elementor-top-section elementor-element elementor-element-cc84f2b elementor-section-boxed elementor-section-height-default elementor-section-height-default\" data-id=\"cc84f2b\" data-element_type=\"section\" data-e-type=\"section\">\n\t\t\t\t\t\t<div class=\"elementor-container elementor-column-gap-default\">\n\t\t\t\t\t<div class=\"elementor-column elementor-col-100 elementor-top-column elementor-element elementor-element-347fcd6\" data-id=\"347fcd6\" data-element_type=\"column\" data-e-type=\"column\">\n\t\t\t<div class=\"elementor-widget-wrap elementor-element-populated\">\n\t\t\t\t\t\t<div class=\"elementor-element elementor-element-5436cd5 elementor-widget elementor-widget-spacer\" data-id=\"5436cd5\" data-element_type=\"widget\" data-e-type=\"widget\" data-widget_type=\"spacer.default\">\n\t\t\t\t<div class=\"elementor-widget-container\">\n\t\t\t\t\t\t\t<div class=\"elementor-spacer\">\n\t\t\t<div class=\"elementor-spacer-inner\"><\/div>\n\t\t<\/div>\n\t\t\t\t\t\t<\/div>\n\t\t\t\t<\/div>\n\t\t\t\t\t<\/div>\n\t\t<\/div>\n\t\t\t\t\t<\/div>\n\t\t<\/section>\n\t\t\t\t<\/div>\n\t\t","protected":false},"excerpt":{"rendered":"<p>Festivales IV Festival Mondial du Th\u00e9\u00e2tre Universitaire. Nancy, Francia. 1966. Espect\u00e1culo presentado: Ceremonia por un negro asesinado. XVI Festival Internazionale del Teatro Universitario. Parma, Italia. 1967. Espect\u00e1culo presentado: La noche de los asesinos. XI Ciclo de Teatro Latino. Barcelona, 1968. Espect\u00e1culo presentado: Historias de Juan de Buenalma. VIII Internacionalni Festival Studentskih Kazalista. Zagreb, Yugoslavia. 1968. [&hellip;]<\/p>\n","protected":false},"author":1,"featured_media":0,"parent":0,"menu_order":0,"comment_status":"closed","ping_status":"closed","template":"elementor_canvas","meta":{"footnotes":""},"class_list":["post-337","page","type-page","status-publish","hentry"],"yoast_head":"<!-- This site is optimized with the Yoast SEO plugin v25.6 - https:\/\/yoast.com\/wordpress\/plugins\/seo\/ -->\n<title>Festivales - \u00c1ngel Facio<\/title>\n<meta name=\"robots\" content=\"index, follow, max-snippet:-1, max-image-preview:large, max-video-preview:-1\" \/>\n<link rel=\"canonical\" href=\"https:\/\/angelfacio.com\/index.php\/festivales\/\" \/>\n<meta property=\"og:locale\" content=\"es_ES\" \/>\n<meta property=\"og:type\" content=\"article\" \/>\n<meta property=\"og:title\" content=\"Festivales - \u00c1ngel Facio\" \/>\n<meta property=\"og:description\" content=\"Festivales IV Festival Mondial du Th\u00e9\u00e2tre Universitaire. Nancy, Francia. 1966. Espect\u00e1culo presentado: Ceremonia por un negro asesinado. XVI Festival Internazionale del Teatro Universitario. Parma, Italia. 1967. Espect\u00e1culo presentado: La noche de los asesinos. XI Ciclo de Teatro Latino. Barcelona, 1968. Espect\u00e1culo presentado: Historias de Juan de Buenalma. VIII Internacionalni Festival Studentskih Kazalista. Zagreb, Yugoslavia. 1968. [&hellip;]\" \/>\n<meta property=\"og:url\" content=\"https:\/\/angelfacio.com\/index.php\/festivales\/\" \/>\n<meta property=\"og:site_name\" content=\"\u00c1ngel Facio\" \/>\n<meta property=\"article:modified_time\" content=\"2020-11-20T17:05:14+00:00\" \/>\n<meta name=\"twitter:card\" content=\"summary_large_image\" \/>\n<meta name=\"twitter:label1\" content=\"Tiempo de lectura\" \/>\n\t<meta name=\"twitter:data1\" content=\"2 minutos\" \/>\n<script type=\"application\/ld+json\" class=\"yoast-schema-graph\">{\"@context\":\"https:\/\/schema.org\",\"@graph\":[{\"@type\":\"WebPage\",\"@id\":\"https:\/\/angelfacio.com\/index.php\/festivales\/\",\"url\":\"https:\/\/angelfacio.com\/index.php\/festivales\/\",\"name\":\"Festivales - \u00c1ngel Facio\",\"isPartOf\":{\"@id\":\"https:\/\/angelfacio.com\/#website\"},\"datePublished\":\"2020-06-27T17:53:42+00:00\",\"dateModified\":\"2020-11-20T17:05:14+00:00\",\"breadcrumb\":{\"@id\":\"https:\/\/angelfacio.com\/index.php\/festivales\/#breadcrumb\"},\"inLanguage\":\"es\",\"potentialAction\":[{\"@type\":\"ReadAction\",\"target\":[\"https:\/\/angelfacio.com\/index.php\/festivales\/\"]}]},{\"@type\":\"BreadcrumbList\",\"@id\":\"https:\/\/angelfacio.com\/index.php\/festivales\/#breadcrumb\",\"itemListElement\":[{\"@type\":\"ListItem\",\"position\":1,\"name\":\"Portada\",\"item\":\"https:\/\/angelfacio.com\/\"},{\"@type\":\"ListItem\",\"position\":2,\"name\":\"Festivales\"}]},{\"@type\":\"WebSite\",\"@id\":\"https:\/\/angelfacio.com\/#website\",\"url\":\"https:\/\/angelfacio.com\/\",\"name\":\"\u00c1ngel Facio\",\"description\":\"Dramaturgo y Director Esc\u00e9nico\",\"potentialAction\":[{\"@type\":\"SearchAction\",\"target\":{\"@type\":\"EntryPoint\",\"urlTemplate\":\"https:\/\/angelfacio.com\/?s={search_term_string}\"},\"query-input\":{\"@type\":\"PropertyValueSpecification\",\"valueRequired\":true,\"valueName\":\"search_term_string\"}}],\"inLanguage\":\"es\"}]}<\/script>\n<!-- \/ Yoast SEO plugin. -->","yoast_head_json":{"title":"Festivales - \u00c1ngel Facio","robots":{"index":"index","follow":"follow","max-snippet":"max-snippet:-1","max-image-preview":"max-image-preview:large","max-video-preview":"max-video-preview:-1"},"canonical":"https:\/\/angelfacio.com\/index.php\/festivales\/","og_locale":"es_ES","og_type":"article","og_title":"Festivales - \u00c1ngel Facio","og_description":"Festivales IV Festival Mondial du Th\u00e9\u00e2tre Universitaire. Nancy, Francia. 1966. Espect\u00e1culo presentado: Ceremonia por un negro asesinado. XVI Festival Internazionale del Teatro Universitario. Parma, Italia. 1967. Espect\u00e1culo presentado: La noche de los asesinos. XI Ciclo de Teatro Latino. Barcelona, 1968. Espect\u00e1culo presentado: Historias de Juan de Buenalma. VIII Internacionalni Festival Studentskih Kazalista. Zagreb, Yugoslavia. 1968. [&hellip;]","og_url":"https:\/\/angelfacio.com\/index.php\/festivales\/","og_site_name":"\u00c1ngel Facio","article_modified_time":"2020-11-20T17:05:14+00:00","twitter_card":"summary_large_image","twitter_misc":{"Tiempo de lectura":"2 minutos"},"schema":{"@context":"https:\/\/schema.org","@graph":[{"@type":"WebPage","@id":"https:\/\/angelfacio.com\/index.php\/festivales\/","url":"https:\/\/angelfacio.com\/index.php\/festivales\/","name":"Festivales - \u00c1ngel Facio","isPartOf":{"@id":"https:\/\/angelfacio.com\/#website"},"datePublished":"2020-06-27T17:53:42+00:00","dateModified":"2020-11-20T17:05:14+00:00","breadcrumb":{"@id":"https:\/\/angelfacio.com\/index.php\/festivales\/#breadcrumb"},"inLanguage":"es","potentialAction":[{"@type":"ReadAction","target":["https:\/\/angelfacio.com\/index.php\/festivales\/"]}]},{"@type":"BreadcrumbList","@id":"https:\/\/angelfacio.com\/index.php\/festivales\/#breadcrumb","itemListElement":[{"@type":"ListItem","position":1,"name":"Portada","item":"https:\/\/angelfacio.com\/"},{"@type":"ListItem","position":2,"name":"Festivales"}]},{"@type":"WebSite","@id":"https:\/\/angelfacio.com\/#website","url":"https:\/\/angelfacio.com\/","name":"\u00c1ngel Facio","description":"Dramaturgo y Director Esc\u00e9nico","potentialAction":[{"@type":"SearchAction","target":{"@type":"EntryPoint","urlTemplate":"https:\/\/angelfacio.com\/?s={search_term_string}"},"query-input":{"@type":"PropertyValueSpecification","valueRequired":true,"valueName":"search_term_string"}}],"inLanguage":"es"}]}},"_links":{"self":[{"href":"https:\/\/angelfacio.com\/index.php\/wp-json\/wp\/v2\/pages\/337"}],"collection":[{"href":"https:\/\/angelfacio.com\/index.php\/wp-json\/wp\/v2\/pages"}],"about":[{"href":"https:\/\/angelfacio.com\/index.php\/wp-json\/wp\/v2\/types\/page"}],"author":[{"embeddable":true,"href":"https:\/\/angelfacio.com\/index.php\/wp-json\/wp\/v2\/users\/1"}],"replies":[{"embeddable":true,"href":"https:\/\/angelfacio.com\/index.php\/wp-json\/wp\/v2\/comments?post=337"}],"version-history":[{"count":48,"href":"https:\/\/angelfacio.com\/index.php\/wp-json\/wp\/v2\/pages\/337\/revisions"}],"predecessor-version":[{"id":6060,"href":"https:\/\/angelfacio.com\/index.php\/wp-json\/wp\/v2\/pages\/337\/revisions\/6060"}],"wp:attachment":[{"href":"https:\/\/angelfacio.com\/index.php\/wp-json\/wp\/v2\/media?parent=337"}],"curies":[{"name":"wp","href":"https:\/\/api.w.org\/{rel}","templated":true}]}}