{"id":895,"date":"2020-07-16T21:16:05","date_gmt":"2020-07-16T19:16:05","guid":{"rendered":"https:\/\/angelfacio.com\/?page_id=895"},"modified":"2020-11-20T18:10:33","modified_gmt":"2020-11-20T17:10:33","slug":"colombia","status":"publish","type":"page","link":"https:\/\/angelfacio.com\/index.php\/colombia\/","title":{"rendered":"Colombia"},"content":{"rendered":"\t\t<div data-elementor-type=\"wp-page\" data-elementor-id=\"895\" class=\"elementor elementor-895\">\n\t\t\t\t\t\t<section class=\"elementor-section elementor-top-section elementor-element elementor-element-7f09266d elementor-section-boxed elementor-section-height-default elementor-section-height-default\" data-id=\"7f09266d\" data-element_type=\"section\" data-e-type=\"section\">\n\t\t\t\t\t\t<div class=\"elementor-container elementor-column-gap-default\">\n\t\t\t\t\t<div class=\"elementor-column elementor-col-100 elementor-top-column elementor-element elementor-element-e2e32aa\" data-id=\"e2e32aa\" data-element_type=\"column\" data-e-type=\"column\">\n\t\t\t<div class=\"elementor-widget-wrap elementor-element-populated\">\n\t\t\t\t\t\t<div class=\"elementor-element elementor-element-885e8ef elementor-widget elementor-widget-heading\" data-id=\"885e8ef\" data-element_type=\"widget\" data-e-type=\"widget\" data-widget_type=\"heading.default\">\n\t\t\t\t<div class=\"elementor-widget-container\">\n\t\t\t\t\t<h2 class=\"elementor-heading-title elementor-size-default\">Colombia<\/h2>\t\t\t\t<\/div>\n\t\t\t\t<\/div>\n\t\t\t\t\t<\/div>\n\t\t<\/div>\n\t\t\t\t\t<\/div>\n\t\t<\/section>\n\t\t\t\t<section class=\"elementor-section elementor-top-section elementor-element elementor-element-159019cd elementor-section-height-min-height elementor-section-boxed elementor-section-height-default elementor-section-items-middle\" data-id=\"159019cd\" data-element_type=\"section\" data-e-type=\"section\">\n\t\t\t\t\t\t<div class=\"elementor-container elementor-column-gap-default\">\n\t\t\t\t\t<div class=\"elementor-column elementor-col-100 elementor-top-column elementor-element elementor-element-490f8c6a\" data-id=\"490f8c6a\" data-element_type=\"column\" data-e-type=\"column\">\n\t\t\t<div class=\"elementor-widget-wrap elementor-element-populated\">\n\t\t\t\t\t\t<div class=\"elementor-element elementor-element-6413753 elementor-widget elementor-widget-text-editor\" data-id=\"6413753\" data-element_type=\"widget\" data-e-type=\"widget\" data-widget_type=\"text-editor.default\">\n\t\t\t\t<div class=\"elementor-widget-container\">\n\t\t\t\t\t\t\t\t\t<p>\u00c1ngel Facio se encontraba participando en un Congreso Internacional de Teatro en Caracas, donde recibi\u00f3 la invitaci\u00f3n de la Federaci\u00f3n de Teatros de Am\u00e9rica, dirigida por Ariel Betancourt, para montar un cl\u00e1sico espa\u00f1ol. De aqu\u00ed surge la propuesta esc\u00e9nica para <em>La Celestina.<\/em> As\u00ed mismo \u00c1ngel Facio responde a la invitaci\u00f3n de Carlos Jos\u00e9 Reyes, director del teatro <em>El Alacr\u00e1n<\/em>, y monta <em>Ligaz\u00f3n<\/em>\u00a0de Ram\u00f3n del Valle-Incl\u00e1n.<\/p><p>Los Cuadernos de Direcci\u00f3n de los montajes puedes consultarlos en\u00a0 <span style=\"color: #ff0000;\"><a style=\"color: #ff0000;\" href=\"http:\/\/archivos-fundacionlosgoliardos.com\/\" target=\"_blank\" rel=\"noopener\"><b><span style=\"color: #ff0000;\">Archivos<\/span> <\/b><\/a><\/span><span style=\"color: #fc3030;\"><a style=\"color: #fc3030;\" href=\"http:\/\/archivos-fundacionlosgoliardos.com\/\" target=\"_blank\" rel=\"noopener\"><b><span style=\"color: #ff0000;\">Fundaci\u00f3n<\/span> <span style=\"color: #ff0000;\">Los<\/span> <span style=\"color: #ff0000;\">Goliardos<\/span>.<\/b><\/a><\/span><\/p>\t\t\t\t\t\t\t\t<\/div>\n\t\t\t\t<\/div>\n\t\t\t\t\t<\/div>\n\t\t<\/div>\n\t\t\t\t\t<\/div>\n\t\t<\/section>\n\t\t\t\t<section class=\"elementor-section elementor-top-section elementor-element elementor-element-8a17a18 elementor-section-height-min-height elementor-section-boxed elementor-section-height-default elementor-section-items-middle\" data-id=\"8a17a18\" data-element_type=\"section\" data-e-type=\"section\">\n\t\t\t\t\t\t<div class=\"elementor-container elementor-column-gap-default\">\n\t\t\t\t\t<div class=\"elementor-column elementor-col-50 elementor-top-column elementor-element elementor-element-1b7f50f\" data-id=\"1b7f50f\" data-element_type=\"column\" data-e-type=\"column\">\n\t\t\t<div class=\"elementor-widget-wrap elementor-element-populated\">\n\t\t\t\t\t\t<div class=\"elementor-element elementor-element-a6cbeeb elementor-widget elementor-widget-text-editor\" data-id=\"a6cbeeb\" data-element_type=\"widget\" data-e-type=\"widget\" data-widget_type=\"text-editor.default\">\n\t\t\t\t<div class=\"elementor-widget-container\">\n\t\t\t\t\t\t\t\t\t<ul><li style=\"text-align: left;\"><em><strong>Ligaz\u00f3n<\/strong><\/em>, de Valle-Incl\u00e1n.\u00a0 El Alacr\u00e1n, Taller de Teatro, de Bogot\u00e1, 1977<\/li><li><em><strong>La Se\u00f1orita Marga, <\/strong><\/em>de Roberto Athayde. Teatro Ollantay, de la Federaci\u00f3n de Teatros de Am\u00e9rica, 1978<\/li><li><strong><em>Tragicomedia de Calisto y Melibea<\/em><\/strong>, de Fernando de Rojas. Compa\u00f1\u00eda Nacional de Teatro, de Bogot\u00e1, 1979<\/li><\/ul>\t\t\t\t\t\t\t\t<\/div>\n\t\t\t\t<\/div>\n\t\t\t\t\t<\/div>\n\t\t<\/div>\n\t\t\t\t<div class=\"elementor-column elementor-col-50 elementor-top-column elementor-element elementor-element-3f01f0f\" data-id=\"3f01f0f\" data-element_type=\"column\" data-e-type=\"column\">\n\t\t\t<div class=\"elementor-widget-wrap elementor-element-populated\">\n\t\t\t\t\t\t<div class=\"elementor-element elementor-element-275ef8e elementor-arrows-position-inside elementor-pagination-position-outside elementor-widget elementor-widget-image-carousel\" data-id=\"275ef8e\" data-element_type=\"widget\" data-e-type=\"widget\" data-settings=\"{&quot;slides_to_show&quot;:&quot;1&quot;,&quot;navigation&quot;:&quot;both&quot;,&quot;autoplay&quot;:&quot;yes&quot;,&quot;pause_on_hover&quot;:&quot;yes&quot;,&quot;pause_on_interaction&quot;:&quot;yes&quot;,&quot;autoplay_speed&quot;:5000,&quot;infinite&quot;:&quot;yes&quot;,&quot;effect&quot;:&quot;slide&quot;,&quot;speed&quot;:500}\" data-widget_type=\"image-carousel.default\">\n\t\t\t\t<div class=\"elementor-widget-container\">\n\t\t\t\t\t\t\t<div class=\"elementor-image-carousel-wrapper swiper\" role=\"region\" aria-roledescription=\"carousel\" aria-label=\"Carrusel de im\u00e1genes\" dir=\"ltr\">\n\t\t\t<div class=\"elementor-image-carousel swiper-wrapper\" aria-live=\"off\">\n\t\t\t\t\t\t\t\t<div class=\"swiper-slide\" role=\"group\" aria-roledescription=\"slide\" aria-label=\"1 de 8\"><a data-elementor-open-lightbox=\"yes\" data-elementor-lightbox-slideshow=\"275ef8e\" data-elementor-lightbox-title=\"Luz Marina Segura y Clara Reyes en \u201cLigaz\u00f3n\u201d. Sala El Alacr\u00e1n, Bogot\u00e1\" data-e-action-hash=\"#elementor-action%3Aaction%3Dlightbox%26settings%3DeyJpZCI6Mzg4LCJ1cmwiOiJodHRwczpcL1wvYW5nZWxmYWNpby5jb21cL3dwLWNvbnRlbnRcL3VwbG9hZHNcLzIwMjBcLzA2XC82LUxpZ2F6b24uanBnIiwic2xpZGVzaG93IjoiMjc1ZWY4ZSJ9\" href=\"https:\/\/angelfacio.com\/wp-content\/uploads\/2020\/06\/6-Ligazon.jpg\"><figure class=\"swiper-slide-inner\"><img decoding=\"async\" class=\"swiper-slide-image lazyload\" data-src=\"https:\/\/angelfacio.com\/wp-content\/uploads\/elementor\/thumbs\/6-Ligazon-qukv7hvk1ookv6ypz38x9nbt55huqq2qzq2t1dnp4w.jpg\" alt=\"Luz Marina Segura y Clara Reyes en \u201cLigaz\u00f3n\u201d.\nSala El Alacr\u00e1n, Bogot\u00e1\" src=\"data:image\/svg+xml;base64,PHN2ZyB3aWR0aD0iMSIgaGVpZ2h0PSIxIiB4bWxucz0iaHR0cDovL3d3dy53My5vcmcvMjAwMC9zdmciPjwvc3ZnPg==\" style=\"--smush-placeholder-width: 462px; --smush-placeholder-aspect-ratio: 462\/350;\" \/><figcaption class=\"elementor-image-carousel-caption\">Luz Marina Segura y Clara Reyes en \u201cLigaz\u00f3n\u201d. Sala El Alacr\u00e1n, Bogot\u00e1<\/figcaption><\/figure><\/a><\/div><div class=\"swiper-slide\" role=\"group\" aria-roledescription=\"slide\" aria-label=\"2 de 8\"><a data-elementor-open-lightbox=\"yes\" data-elementor-lightbox-slideshow=\"275ef8e\" data-elementor-lightbox-title=\"Se\u00f1orita Marga - Cartel\" data-e-action-hash=\"#elementor-action%3Aaction%3Dlightbox%26settings%3DeyJpZCI6MjYyMywidXJsIjoiaHR0cHM6XC9cL2FuZ2VsZmFjaW8uY29tXC93cC1jb250ZW50XC91cGxvYWRzXC8yMDIwXC8wOVwvQ2FydGVsLmdpZiIsInNsaWRlc2hvdyI6IjI3NWVmOGUifQ%3D%3D\" href=\"https:\/\/angelfacio.com\/wp-content\/uploads\/2020\/09\/Cartel.gif\"><figure class=\"swiper-slide-inner\"><img decoding=\"async\" class=\"swiper-slide-image lazyload\" data-src=\"https:\/\/angelfacio.com\/wp-content\/uploads\/elementor\/thumbs\/Cartel-qukv6shwx5pu5pzl3a9zwbqd3qyxyw9zw8gp2wpbsw.gif\" alt=\"Se\u00f1orita Marga - Cartel\" src=\"data:image\/svg+xml;base64,PHN2ZyB3aWR0aD0iMSIgaGVpZ2h0PSIxIiB4bWxucz0iaHR0cDovL3d3dy53My5vcmcvMjAwMC9zdmciPjwvc3ZnPg==\" style=\"--smush-placeholder-width: 494px; --smush-placeholder-aspect-ratio: 494\/350;\" \/><figcaption class=\"elementor-image-carousel-caption\">Se\u00f1orita Marga - Cartel<\/figcaption><\/figure><\/a><\/div><div class=\"swiper-slide\" role=\"group\" aria-roledescription=\"slide\" aria-label=\"3 de 8\"><a data-elementor-open-lightbox=\"yes\" data-elementor-lightbox-slideshow=\"275ef8e\" data-elementor-lightbox-title=\"Se\u00f1orita Marga - La Naci\u00f3n, Guatemala, 1978\" data-e-action-hash=\"#elementor-action%3Aaction%3Dlightbox%26settings%3DeyJpZCI6NTA5NiwidXJsIjoiaHR0cHM6XC9cL2FuZ2VsZmFjaW8uY29tXC93cC1jb250ZW50XC91cGxvYWRzXC8yMDIwXC8xMVwvTGEtU2Vub3JpdGEtTUFSR0EtMTk3OC1zY2FsZWQuanBnIiwic2xpZGVzaG93IjoiMjc1ZWY4ZSJ9\" href=\"https:\/\/angelfacio.com\/wp-content\/uploads\/2020\/11\/La-Senorita-MARGA-1978-scaled.jpg\"><figure class=\"swiper-slide-inner\"><img decoding=\"async\" class=\"swiper-slide-image lazyload\" data-src=\"https:\/\/angelfacio.com\/wp-content\/uploads\/elementor\/thumbs\/La-Senorita-MARGA-1978-scaled-qukv7f21h6kpwd2tfk11k61fczvr3mrjzc4cljrvnk.jpg\" alt=\"Se\u00f1orita Marga - La Naci\u00f3n, Guatemala, 1978\" src=\"data:image\/svg+xml;base64,PHN2ZyB3aWR0aD0iMSIgaGVpZ2h0PSIxIiB4bWxucz0iaHR0cDovL3d3dy53My5vcmcvMjAwMC9zdmciPjwvc3ZnPg==\" style=\"--smush-placeholder-width: 145px; --smush-placeholder-aspect-ratio: 145\/350;\" \/><figcaption class=\"elementor-image-carousel-caption\">Se\u00f1orita Marga - La Naci\u00f3n, Guatemala, 1978<\/figcaption><\/figure><\/a><\/div><div class=\"swiper-slide\" role=\"group\" aria-roledescription=\"slide\" aria-label=\"4 de 8\"><a data-elementor-open-lightbox=\"yes\" data-elementor-lightbox-slideshow=\"275ef8e\" data-elementor-lightbox-title=\"La Se\u00f1orita Marga - Maqueta\" data-e-action-hash=\"#elementor-action%3Aaction%3Dlightbox%26settings%3DeyJpZCI6MjYyNywidXJsIjoiaHR0cHM6XC9cL2FuZ2VsZmFjaW8uY29tXC93cC1jb250ZW50XC91cGxvYWRzXC8yMDIwXC8wOVwvTWFxdWV0YS5naWYiLCJzbGlkZXNob3ciOiIyNzVlZjhlIn0%3D\" href=\"https:\/\/angelfacio.com\/wp-content\/uploads\/2020\/09\/Maqueta.gif\"><figure class=\"swiper-slide-inner\"><img decoding=\"async\" class=\"swiper-slide-image lazyload\" data-src=\"https:\/\/angelfacio.com\/wp-content\/uploads\/elementor\/thumbs\/Maqueta-qukv6oqk5tkova51p8nhmcoiq7hh43v2jpur5suwhs.gif\" alt=\"La Se\u00f1orita Marga - Maqueta\" src=\"data:image\/svg+xml;base64,PHN2ZyB3aWR0aD0iMSIgaGVpZ2h0PSIxIiB4bWxucz0iaHR0cDovL3d3dy53My5vcmcvMjAwMC9zdmciPjwvc3ZnPg==\" style=\"--smush-placeholder-width: 302px; --smush-placeholder-aspect-ratio: 302\/350;\" \/><figcaption class=\"elementor-image-carousel-caption\">La Se\u00f1orita Marga - Maqueta<\/figcaption><\/figure><\/a><\/div><div class=\"swiper-slide\" role=\"group\" aria-roledescription=\"slide\" aria-label=\"5 de 8\"><a data-elementor-open-lightbox=\"yes\" data-elementor-lightbox-slideshow=\"275ef8e\" data-elementor-lightbox-title=\"La Celestina - Octavilla - Colombia\" data-e-action-hash=\"#elementor-action%3Aaction%3Dlightbox%26settings%3DeyJpZCI6MjYxMywidXJsIjoiaHR0cHM6XC9cL2FuZ2VsZmFjaW8uY29tXC93cC1jb250ZW50XC91cGxvYWRzXC8yMDIwXC8wOVwvTGEtQ2VsZXN0aW5hLUNvbG9tYmlhLW9jdGF2aWxsYS0wMDEuanBnIiwic2xpZGVzaG93IjoiMjc1ZWY4ZSJ9\" href=\"https:\/\/angelfacio.com\/wp-content\/uploads\/2020\/09\/La-Celestina-Colombia-octavilla-001.jpg\"><figure class=\"swiper-slide-inner\"><img decoding=\"async\" class=\"swiper-slide-image lazyload\" data-src=\"https:\/\/angelfacio.com\/wp-content\/uploads\/elementor\/thumbs\/La-Celestina-Colombia-octavilla-001-qukv6oqk5tkova51p8nhmcoiq7hh43v2jpur5suwhs.jpg\" alt=\"La Celestina - Octavilla - Colombia\" src=\"data:image\/svg+xml;base64,PHN2ZyB3aWR0aD0iMSIgaGVpZ2h0PSIxIiB4bWxucz0iaHR0cDovL3d3dy53My5vcmcvMjAwMC9zdmciPjwvc3ZnPg==\" style=\"--smush-placeholder-width: 198px; --smush-placeholder-aspect-ratio: 198\/350;\" \/><figcaption class=\"elementor-image-carousel-caption\">La Celestina - Octavilla - Colombia<\/figcaption><\/figure><\/a><\/div><div class=\"swiper-slide\" role=\"group\" aria-roledescription=\"slide\" aria-label=\"6 de 8\"><a data-elementor-open-lightbox=\"yes\" data-elementor-lightbox-slideshow=\"275ef8e\" data-elementor-lightbox-title=\"La-Celestina-1978,-PRENSA-(1)\" data-e-action-hash=\"#elementor-action%3Aaction%3Dlightbox%26settings%3DeyJpZCI6NTA5NCwidXJsIjoiaHR0cHM6XC9cL2FuZ2VsZmFjaW8uY29tXC93cC1jb250ZW50XC91cGxvYWRzXC8yMDIwXC8xMVwvTGEtQ2VsZXN0aW5hLTE5NzgtUFJFTlNBLTEtMS5qcGciLCJzbGlkZXNob3ciOiIyNzVlZjhlIn0%3D\" href=\"https:\/\/angelfacio.com\/wp-content\/uploads\/2020\/11\/La-Celestina-1978-PRENSA-1-1.jpg\"><figure class=\"swiper-slide-inner\"><img decoding=\"async\" class=\"swiper-slide-image lazyload\" data-src=\"https:\/\/angelfacio.com\/wp-content\/uploads\/elementor\/thumbs\/La-Celestina-1978-PRENSA-1-1-qukv7f21h6kpwd2tfk11k61fczvr3mrjzc4cljrvnk.jpg\" alt=\"La-Celestina-1978,-PRENSA-(1)\" src=\"data:image\/svg+xml;base64,PHN2ZyB3aWR0aD0iMSIgaGVpZ2h0PSIxIiB4bWxucz0iaHR0cDovL3d3dy53My5vcmcvMjAwMC9zdmciPjwvc3ZnPg==\" style=\"--smush-placeholder-width: 244px; --smush-placeholder-aspect-ratio: 244\/350;\" \/><figcaption class=\"elementor-image-carousel-caption\">La-Celestina-1978,-PRENSA-(1)<\/figcaption><\/figure><\/a><\/div><div class=\"swiper-slide\" role=\"group\" aria-roledescription=\"slide\" aria-label=\"7 de 8\"><a data-elementor-open-lightbox=\"yes\" data-elementor-lightbox-slideshow=\"275ef8e\" data-elementor-lightbox-title=\"La Celestina - Aura Rojas, \u00c1ngel Facio e Iv\u00e1n Montoya\" data-e-action-hash=\"#elementor-action%3Aaction%3Dlightbox%26settings%3DeyJpZCI6NTA5NywidXJsIjoiaHR0cHM6XC9cL2FuZ2VsZmFjaW8uY29tXC93cC1jb250ZW50XC91cGxvYWRzXC8yMDIwXC8xMVwvTGEtQ2VsZXN0aW5hLUF1cmEtQW5nZWwtZS1JdmFuLU1vbnRveWEuanBnIiwic2xpZGVzaG93IjoiMjc1ZWY4ZSJ9\" href=\"https:\/\/angelfacio.com\/wp-content\/uploads\/2020\/11\/La-Celestina-Aura-Angel-e-Ivan-Montoya.jpg\"><figure class=\"swiper-slide-inner\"><img decoding=\"async\" class=\"swiper-slide-image lazyload\" data-src=\"https:\/\/angelfacio.com\/wp-content\/uploads\/elementor\/thumbs\/La-Celestina-Aura-Angel-e-Ivan-Montoya-qukv7fzvo0m07z1ga2fo4nsvydr4bbvabgru2tqhhc.jpg\" alt=\"La Celestina - Aura Rojas, \u00c1ngel Facio e Iv\u00e1n Montoya\" src=\"data:image\/svg+xml;base64,PHN2ZyB3aWR0aD0iMSIgaGVpZ2h0PSIxIiB4bWxucz0iaHR0cDovL3d3dy53My5vcmcvMjAwMC9zdmciPjwvc3ZnPg==\" style=\"--smush-placeholder-width: 373px; --smush-placeholder-aspect-ratio: 373\/350;\" \/><figcaption class=\"elementor-image-carousel-caption\">La Celestina - Aura Rojas, \u00c1ngel Facio e Iv\u00e1n Montoya<\/figcaption><\/figure><\/a><\/div><div class=\"swiper-slide\" role=\"group\" aria-roledescription=\"slide\" aria-label=\"8 de 8\"><a data-elementor-open-lightbox=\"yes\" data-elementor-lightbox-slideshow=\"275ef8e\" data-elementor-lightbox-title=\"La Celestina-  Colombia, Prensa\" data-e-action-hash=\"#elementor-action%3Aaction%3Dlightbox%26settings%3DeyJpZCI6MjYxNSwidXJsIjoiaHR0cHM6XC9cL2FuZ2VsZmFjaW8uY29tXC93cC1jb250ZW50XC91cGxvYWRzXC8yMDIwXC8wOVwvTGEtQ2VsZXN0aW5hLUNvbG9tYmlhLVBSRU5TQS0uanBnIiwic2xpZGVzaG93IjoiMjc1ZWY4ZSJ9\" href=\"https:\/\/angelfacio.com\/wp-content\/uploads\/2020\/09\/La-Celestina-Colombia-PRENSA-.jpg\"><figure class=\"swiper-slide-inner\"><img decoding=\"async\" class=\"swiper-slide-image lazyload\" data-src=\"https:\/\/angelfacio.com\/wp-content\/uploads\/elementor\/thumbs\/La-Celestina-Colombia-PRENSA--qukv6rk2qboju40y8rvdbtywid3kr769k3t7lmqpz4.jpg\" alt=\"La Celestina-  Colombia, Prensa\" src=\"data:image\/svg+xml;base64,PHN2ZyB3aWR0aD0iMSIgaGVpZ2h0PSIxIiB4bWxucz0iaHR0cDovL3d3dy53My5vcmcvMjAwMC9zdmciPjwvc3ZnPg==\" style=\"--smush-placeholder-width: 246px; --smush-placeholder-aspect-ratio: 246\/350;\" \/><figcaption class=\"elementor-image-carousel-caption\">La Celestina-  Colombia, Prensa<\/figcaption><\/figure><\/a><\/div>\t\t\t<\/div>\n\t\t\t\t\t\t\t\t\t\t\t\t<div class=\"elementor-swiper-button elementor-swiper-button-prev\" role=\"button\" tabindex=\"0\">\n\t\t\t\t\t\t<i aria-hidden=\"true\" class=\"eicon-chevron-left\"><\/i>\t\t\t\t\t<\/div>\n\t\t\t\t\t<div class=\"elementor-swiper-button elementor-swiper-button-next\" role=\"button\" tabindex=\"0\">\n\t\t\t\t\t\t<i aria-hidden=\"true\" class=\"eicon-chevron-right\"><\/i>\t\t\t\t\t<\/div>\n\t\t\t\t\n\t\t\t\t\t\t\t\t\t<div class=\"swiper-pagination\"><\/div>\n\t\t\t\t\t\t\t\t\t<\/div>\n\t\t\t\t\t\t<\/div>\n\t\t\t\t<\/div>\n\t\t\t\t\t<\/div>\n\t\t<\/div>\n\t\t\t\t\t<\/div>\n\t\t<\/section>\n\t\t\t\t<section class=\"elementor-section elementor-top-section elementor-element elementor-element-c6669e3 elementor-section-boxed elementor-section-height-default elementor-section-height-default\" data-id=\"c6669e3\" data-element_type=\"section\" data-e-type=\"section\">\n\t\t\t\t\t\t<div class=\"elementor-container elementor-column-gap-default\">\n\t\t\t\t\t<div class=\"elementor-column elementor-col-100 elementor-top-column elementor-element elementor-element-a9efb43\" data-id=\"a9efb43\" data-element_type=\"column\" data-e-type=\"column\">\n\t\t\t<div class=\"elementor-widget-wrap\">\n\t\t\t\t\t\t\t<\/div>\n\t\t<\/div>\n\t\t\t\t\t<\/div>\n\t\t<\/section>\n\t\t\t\t<\/div>\n\t\t","protected":false},"excerpt":{"rendered":"<p>Colombia \u00c1ngel Facio se encontraba participando en un Congreso Internacional de Teatro en Caracas, donde recibi\u00f3 la invitaci\u00f3n de la Federaci\u00f3n de Teatros de Am\u00e9rica, dirigida por Ariel Betancourt, para montar un cl\u00e1sico espa\u00f1ol. De aqu\u00ed surge la propuesta esc\u00e9nica para La Celestina. As\u00ed mismo \u00c1ngel Facio responde a la invitaci\u00f3n de Carlos Jos\u00e9 Reyes, [&hellip;]<\/p>\n","protected":false},"author":1,"featured_media":0,"parent":0,"menu_order":0,"comment_status":"closed","ping_status":"closed","template":"elementor_canvas","meta":{"footnotes":""},"class_list":["post-895","page","type-page","status-publish","hentry"],"yoast_head":"<!-- This site is optimized with the Yoast SEO plugin v25.6 - https:\/\/yoast.com\/wordpress\/plugins\/seo\/ -->\n<title>Colombia - \u00c1ngel Facio<\/title>\n<meta name=\"robots\" content=\"index, follow, max-snippet:-1, max-image-preview:large, max-video-preview:-1\" \/>\n<link rel=\"canonical\" href=\"https:\/\/angelfacio.com\/index.php\/colombia\/\" \/>\n<meta property=\"og:locale\" content=\"es_ES\" \/>\n<meta property=\"og:type\" content=\"article\" \/>\n<meta property=\"og:title\" content=\"Colombia - \u00c1ngel Facio\" \/>\n<meta property=\"og:description\" content=\"Colombia \u00c1ngel Facio se encontraba participando en un Congreso Internacional de Teatro en Caracas, donde recibi\u00f3 la invitaci\u00f3n de la Federaci\u00f3n de Teatros de Am\u00e9rica, dirigida por Ariel Betancourt, para montar un cl\u00e1sico espa\u00f1ol. De aqu\u00ed surge la propuesta esc\u00e9nica para La Celestina. As\u00ed mismo \u00c1ngel Facio responde a la invitaci\u00f3n de Carlos Jos\u00e9 Reyes, [&hellip;]\" \/>\n<meta property=\"og:url\" content=\"https:\/\/angelfacio.com\/index.php\/colombia\/\" \/>\n<meta property=\"og:site_name\" content=\"\u00c1ngel Facio\" \/>\n<meta property=\"article:modified_time\" content=\"2020-11-20T17:10:33+00:00\" \/>\n<meta property=\"og:image\" content=\"https:\/\/angelfacio.com\/wp-content\/uploads\/elementor\/thumbs\/6-Ligazon-ornnucyx453uo5scb53jyv1qxu9mf45df9q3empzwg.jpg\" \/>\n<meta name=\"twitter:card\" content=\"summary_large_image\" \/>\n<meta name=\"twitter:label1\" content=\"Tiempo de lectura\" \/>\n\t<meta name=\"twitter:data1\" content=\"1 minuto\" \/>\n<script type=\"application\/ld+json\" class=\"yoast-schema-graph\">{\"@context\":\"https:\/\/schema.org\",\"@graph\":[{\"@type\":\"WebPage\",\"@id\":\"https:\/\/angelfacio.com\/index.php\/colombia\/\",\"url\":\"https:\/\/angelfacio.com\/index.php\/colombia\/\",\"name\":\"Colombia - \u00c1ngel Facio\",\"isPartOf\":{\"@id\":\"https:\/\/angelfacio.com\/#website\"},\"primaryImageOfPage\":{\"@id\":\"https:\/\/angelfacio.com\/index.php\/colombia\/#primaryimage\"},\"image\":{\"@id\":\"https:\/\/angelfacio.com\/index.php\/colombia\/#primaryimage\"},\"thumbnailUrl\":\"https:\/\/angelfacio.com\/wp-content\/uploads\/elementor\/thumbs\/6-Ligazon-ornnucyx453uo5scb53jyv1qxu9mf45df9q3empzwg.jpg\",\"datePublished\":\"2020-07-16T19:16:05+00:00\",\"dateModified\":\"2020-11-20T17:10:33+00:00\",\"breadcrumb\":{\"@id\":\"https:\/\/angelfacio.com\/index.php\/colombia\/#breadcrumb\"},\"inLanguage\":\"es\",\"potentialAction\":[{\"@type\":\"ReadAction\",\"target\":[\"https:\/\/angelfacio.com\/index.php\/colombia\/\"]}]},{\"@type\":\"ImageObject\",\"inLanguage\":\"es\",\"@id\":\"https:\/\/angelfacio.com\/index.php\/colombia\/#primaryimage\",\"url\":\"https:\/\/angelfacio.com\/wp-content\/uploads\/elementor\/thumbs\/6-Ligazon-ornnucyx453uo5scb53jyv1qxu9mf45df9q3empzwg.jpg\",\"contentUrl\":\"https:\/\/angelfacio.com\/wp-content\/uploads\/elementor\/thumbs\/6-Ligazon-ornnucyx453uo5scb53jyv1qxu9mf45df9q3empzwg.jpg\"},{\"@type\":\"BreadcrumbList\",\"@id\":\"https:\/\/angelfacio.com\/index.php\/colombia\/#breadcrumb\",\"itemListElement\":[{\"@type\":\"ListItem\",\"position\":1,\"name\":\"Portada\",\"item\":\"https:\/\/angelfacio.com\/\"},{\"@type\":\"ListItem\",\"position\":2,\"name\":\"Colombia\"}]},{\"@type\":\"WebSite\",\"@id\":\"https:\/\/angelfacio.com\/#website\",\"url\":\"https:\/\/angelfacio.com\/\",\"name\":\"\u00c1ngel Facio\",\"description\":\"Dramaturgo y Director Esc\u00e9nico\",\"potentialAction\":[{\"@type\":\"SearchAction\",\"target\":{\"@type\":\"EntryPoint\",\"urlTemplate\":\"https:\/\/angelfacio.com\/?s={search_term_string}\"},\"query-input\":{\"@type\":\"PropertyValueSpecification\",\"valueRequired\":true,\"valueName\":\"search_term_string\"}}],\"inLanguage\":\"es\"}]}<\/script>\n<!-- \/ Yoast SEO plugin. -->","yoast_head_json":{"title":"Colombia - \u00c1ngel Facio","robots":{"index":"index","follow":"follow","max-snippet":"max-snippet:-1","max-image-preview":"max-image-preview:large","max-video-preview":"max-video-preview:-1"},"canonical":"https:\/\/angelfacio.com\/index.php\/colombia\/","og_locale":"es_ES","og_type":"article","og_title":"Colombia - \u00c1ngel Facio","og_description":"Colombia \u00c1ngel Facio se encontraba participando en un Congreso Internacional de Teatro en Caracas, donde recibi\u00f3 la invitaci\u00f3n de la Federaci\u00f3n de Teatros de Am\u00e9rica, dirigida por Ariel Betancourt, para montar un cl\u00e1sico espa\u00f1ol. De aqu\u00ed surge la propuesta esc\u00e9nica para La Celestina. As\u00ed mismo \u00c1ngel Facio responde a la invitaci\u00f3n de Carlos Jos\u00e9 Reyes, [&hellip;]","og_url":"https:\/\/angelfacio.com\/index.php\/colombia\/","og_site_name":"\u00c1ngel Facio","article_modified_time":"2020-11-20T17:10:33+00:00","og_image":[{"url":"https:\/\/angelfacio.com\/wp-content\/uploads\/elementor\/thumbs\/6-Ligazon-ornnucyx453uo5scb53jyv1qxu9mf45df9q3empzwg.jpg","type":"","width":"","height":""}],"twitter_card":"summary_large_image","twitter_misc":{"Tiempo de lectura":"1 minuto"},"schema":{"@context":"https:\/\/schema.org","@graph":[{"@type":"WebPage","@id":"https:\/\/angelfacio.com\/index.php\/colombia\/","url":"https:\/\/angelfacio.com\/index.php\/colombia\/","name":"Colombia - \u00c1ngel Facio","isPartOf":{"@id":"https:\/\/angelfacio.com\/#website"},"primaryImageOfPage":{"@id":"https:\/\/angelfacio.com\/index.php\/colombia\/#primaryimage"},"image":{"@id":"https:\/\/angelfacio.com\/index.php\/colombia\/#primaryimage"},"thumbnailUrl":"https:\/\/angelfacio.com\/wp-content\/uploads\/elementor\/thumbs\/6-Ligazon-ornnucyx453uo5scb53jyv1qxu9mf45df9q3empzwg.jpg","datePublished":"2020-07-16T19:16:05+00:00","dateModified":"2020-11-20T17:10:33+00:00","breadcrumb":{"@id":"https:\/\/angelfacio.com\/index.php\/colombia\/#breadcrumb"},"inLanguage":"es","potentialAction":[{"@type":"ReadAction","target":["https:\/\/angelfacio.com\/index.php\/colombia\/"]}]},{"@type":"ImageObject","inLanguage":"es","@id":"https:\/\/angelfacio.com\/index.php\/colombia\/#primaryimage","url":"https:\/\/angelfacio.com\/wp-content\/uploads\/elementor\/thumbs\/6-Ligazon-ornnucyx453uo5scb53jyv1qxu9mf45df9q3empzwg.jpg","contentUrl":"https:\/\/angelfacio.com\/wp-content\/uploads\/elementor\/thumbs\/6-Ligazon-ornnucyx453uo5scb53jyv1qxu9mf45df9q3empzwg.jpg"},{"@type":"BreadcrumbList","@id":"https:\/\/angelfacio.com\/index.php\/colombia\/#breadcrumb","itemListElement":[{"@type":"ListItem","position":1,"name":"Portada","item":"https:\/\/angelfacio.com\/"},{"@type":"ListItem","position":2,"name":"Colombia"}]},{"@type":"WebSite","@id":"https:\/\/angelfacio.com\/#website","url":"https:\/\/angelfacio.com\/","name":"\u00c1ngel Facio","description":"Dramaturgo y Director Esc\u00e9nico","potentialAction":[{"@type":"SearchAction","target":{"@type":"EntryPoint","urlTemplate":"https:\/\/angelfacio.com\/?s={search_term_string}"},"query-input":{"@type":"PropertyValueSpecification","valueRequired":true,"valueName":"search_term_string"}}],"inLanguage":"es"}]}},"_links":{"self":[{"href":"https:\/\/angelfacio.com\/index.php\/wp-json\/wp\/v2\/pages\/895"}],"collection":[{"href":"https:\/\/angelfacio.com\/index.php\/wp-json\/wp\/v2\/pages"}],"about":[{"href":"https:\/\/angelfacio.com\/index.php\/wp-json\/wp\/v2\/types\/page"}],"author":[{"embeddable":true,"href":"https:\/\/angelfacio.com\/index.php\/wp-json\/wp\/v2\/users\/1"}],"replies":[{"embeddable":true,"href":"https:\/\/angelfacio.com\/index.php\/wp-json\/wp\/v2\/comments?post=895"}],"version-history":[{"count":69,"href":"https:\/\/angelfacio.com\/index.php\/wp-json\/wp\/v2\/pages\/895\/revisions"}],"predecessor-version":[{"id":7294,"href":"https:\/\/angelfacio.com\/index.php\/wp-json\/wp\/v2\/pages\/895\/revisions\/7294"}],"wp:attachment":[{"href":"https:\/\/angelfacio.com\/index.php\/wp-json\/wp\/v2\/media?parent=895"}],"curies":[{"name":"wp","href":"https:\/\/api.w.org\/{rel}","templated":true}]}}